{"id":399,"date":"2019-02-13T16:25:23","date_gmt":"2019-02-13T18:25:23","guid":{"rendered":"https:\/\/dcc.ufpr.br\/?page_id=399"},"modified":"2022-05-31T17:12:47","modified_gmt":"2022-05-31T20:12:47","slug":"gerenciamento-de-projetos","status":"publish","type":"page","link":"https:\/\/dcc.ufpr.br\/index.php\/disciplinas\/construcao-civil\/gerenciamento-de-projetos\/","title":{"rendered":"Gerenciamento de Projetos"},"content":{"rendered":"<p><strong>TC-045 GERENCIAMENTO DE PROJETOS<\/strong><\/p>\n<p><strong>Professores:<\/strong><\/p>\n<ul>\n<li>Profa. Dra. Heloisa Fuganti Campos <\/li>\n<li>Profa. Dra. Barbara Talamini Villas B\u00f4as <\/li>\n<li>Prof. MSc. Jos\u00e9 Lucas Sobral Marques <\/li>\n<\/ul>\n<p><strong>Ementa:<\/strong><\/p>\n<ol>\n<li>Modelagem da Informa\u00e7\u00e3o da Constru\u00e7\u00e3o (BIM)<\/li>\n<li>Conceitos, defini\u00e7\u00f5es e diferentes abordagens do conceito projeto<\/li>\n<li>Ger\u00eancia de projetos (ciclo de vida) \u2013 Gerente<\/li>\n<li>Gerenciamento de integra\u00e7\u00e3o<\/li>\n<li>Gerenciamento de escopo<\/li>\n<li>Gerenciamento de tempo<\/li>\n<li>Gerenciamento de custos<\/li>\n<li>Gerenciamento de qualidade<\/li>\n<li>Gerenciamento de recursos humanos<\/li>\n<li>Gerenciamento de comunica\u00e7\u00f5es<\/li>\n<li>Gerenciamento de riscos<\/li>\n<li>Gerenciamento de aquisi\u00e7\u00f5es<\/li>\n<li>Gerenciamento de partes interessadas<\/li>\n<li>Planejamento e Controle de Obras<\/li>\n<li>Constru\u00e7\u00e3o enxuta<\/li>\n<\/ol>\n<p>Carga hor\u00e1ria de 60 h, ministradas de acordo com o programa da mat\u00e9ria<\/p>\n<p><strong>Programa\u00e7\u00e3o<\/strong><strong>\u00a02022:<\/strong><\/p>\n<ul>\n<li>Ver o Cronograma da Disciplina 2022 na se\u00e7\u00e3o do edital.<\/li>\n<\/ul>\n<p><strong>AVISOS:<\/strong>\u00a0N\u00e3o \u00e9 permitido o uso de calculadoras alfanum\u00e9ricas e celulares nas provas (obs.: Ser\u00e1 permitido o uso de calculadora simples para resolu\u00e7\u00e3o de quest\u00f5es num\u00e9ricas).<\/p>\n<p><strong>Segunda chamada:<\/strong><\/p>\n<p>O aluno que perder alguma das duas provas dever\u00e1 requerer a segunda chamada oficialmente, de acordo com a\u00a0<a href=\"https:\/\/dcc.ufpr.br\/mediawiki\/index.php\/Legisla%C3%A7%C3%A3o\">Legisla\u00e7\u00e3o<\/a>.<\/p>\n<ul>\n<li>Prova de segunda chamada: uma, ao final do semestre.<\/li>\n<li>Assunto: conte\u00fado do semestre todo.<\/li>\n<\/ul>\n<p><strong>Vistas das provas:<\/strong><\/p>\n<p>Os alunos que desejarem ver as suas provas, poder\u00e3o fazer com solicita\u00e7\u00e3o direta ao professor at\u00e9 no m\u00e1ximo 3 (tr\u00eas) dias ap\u00f3s a divulga\u00e7\u00e3o da nota (de acordo com a Resolu\u00e7\u00e3o.CEPE 37\/97, se\u00e7\u00e3o IV).<\/p>\n","protected":false},"excerpt":{"rendered":"<p>TC-045 GERENCIAMENTO DE PROJETOS Professores: Profa. Dra. Heloisa Fuganti Campos Profa. Dra. Barbara Talamini Villas B\u00f4as Prof. MSc. Jos\u00e9 Lucas Sobral Marques Ementa: Modelagem da Informa\u00e7\u00e3o da Constru\u00e7\u00e3o (BIM) Conceitos, defini\u00e7\u00f5es e diferentes abordagens do conceito projeto Ger\u00eancia de projetos (ciclo de vida) \u2013 Gerente Gerenciamento de integra\u00e7\u00e3o Gerenciamento de escopo Gerenciamento de tempo Gerenciamento [&hellip;]<\/p>\n","protected":false},"author":1,"featured_media":0,"parent":631,"menu_order":3,"comment_status":"closed","ping_status":"closed","template":"","meta":{"footnotes":""},"class_list":["post-399","page","type-page","status-publish","hentry"],"aioseo_notices":[],"_links":{"self":[{"href":"https:\/\/dcc.ufpr.br\/index.php\/wp-json\/wp\/v2\/pages\/399","targetHints":{"allow":["GET"]}}],"collection":[{"href":"https:\/\/dcc.ufpr.br\/index.php\/wp-json\/wp\/v2\/pages"}],"about":[{"href":"https:\/\/dcc.ufpr.br\/index.php\/wp-json\/wp\/v2\/types\/page"}],"author":[{"embeddable":true,"href":"https:\/\/dcc.ufpr.br\/index.php\/wp-json\/wp\/v2\/users\/1"}],"replies":[{"embeddable":true,"href":"https:\/\/dcc.ufpr.br\/index.php\/wp-json\/wp\/v2\/comments?post=399"}],"version-history":[{"count":10,"href":"https:\/\/dcc.ufpr.br\/index.php\/wp-json\/wp\/v2\/pages\/399\/revisions"}],"predecessor-version":[{"id":2736,"href":"https:\/\/dcc.ufpr.br\/index.php\/wp-json\/wp\/v2\/pages\/399\/revisions\/2736"}],"up":[{"embeddable":true,"href":"https:\/\/dcc.ufpr.br\/index.php\/wp-json\/wp\/v2\/pages\/631"}],"wp:attachment":[{"href":"https:\/\/dcc.ufpr.br\/index.php\/wp-json\/wp\/v2\/media?parent=399"}],"curies":[{"name":"wp","href":"https:\/\/api.w.org\/{rel}","templated":true}]}}