{"id":18,"date":"2018-12-03T21:34:22","date_gmt":"2018-12-03T23:34:22","guid":{"rendered":"https:\/\/dcc.ufpr.br\/?page_id=18"},"modified":"2020-03-12T09:12:41","modified_gmt":"2020-03-12T12:12:41","slug":"mecanica-geral","status":"publish","type":"page","link":"https:\/\/dcc.ufpr.br\/index.php\/disciplinas\/estruturas\/mecanica-geral\/","title":{"rendered":"Mec\u00e2nica Geral I"},"content":{"rendered":"<h2><span id=\"Professores\" class=\"mw-headline\">Professores<\/span><\/h2>\n<ul>\n<li><a title=\"Prof. Ronaldo A. Medeiros-Junior\" href=\"https:\/\/dcc.ufpr.br\/index.php\/ronaldo-medeiros-junior\/\">Prof. Ronaldo A. Medeiros-Junior<\/a>\u00a0=&gt; Coordenador da Disciplina<\/li>\n<li><a class=\"new\" title=\"Profa. Isabella Chaves (p\u00e1gina inexistente)\" href=\"https:\/\/dcc.ufpr.br\/mediawiki\/index.php?title=Profa._Isabella_Chaves&amp;action=edit&amp;redlink=1\">Profa.Isabella Chaves<\/a><\/li>\n<li><a title=\"Profa. Amanda Jarek\" href=\"https:\/\/dcc.ufpr.br\/mediawiki\/index.php\/Profa._Amanda_Jarek\">Profa. Amanda Jarek<\/a><\/li>\n<li><a class=\"new\" title=\"Prof. Raphael Scuciato (p\u00e1gina inexistente)\" href=\"https:\/\/dcc.ufpr.br\/mediawiki\/index.php?title=Prof._Raphael_Scuciato&amp;action=edit&amp;redlink=1\">Prof. Raphael Scuciato<\/a><\/li>\n<\/ul>\n<p>&nbsp;<\/p>\n<h2><span id=\"Ementa\" class=\"mw-headline\"><a class=\"internal\" title=\"TC021 ficha F1.pdf\" href=\"https:\/\/dcc.ufpr.br\/mediawiki\/images\/7\/77\/TC021_ficha_F1.pdf\">Ementa<\/a><\/span><\/h2>\n<ol>\n<li>Introdu\u00e7\u00e3o.<\/li>\n<li>An\u00e1lise vetorial.<\/li>\n<li>Est\u00e1tica da part\u00edcula.<\/li>\n<li>Momentos. Sistemas de for\u00e7as equivalentes.<\/li>\n<li>Est\u00e1tica dos corpos r\u00edgidos.<\/li>\n<\/ol>\n<h2><span id=\"Forma_de_avalia.C3.A7.C3.A3o_da_disciplina_.28TURMAS_A_e_B.29\" class=\"mw-headline\">Forma de avalia\u00e7\u00e3o da disciplina (TURMAS A, B e C)<\/span><\/h2>\n<ul>\n<li>Duas provas escritas =&gt; 1a prova: 28\/04\/2020; 2a. prova: 18\/06\/2020<\/li>\n<\/ul>\n<dl>\n<dd>O aluno que perder alguma das duas provas dever\u00e1 requerer a segunda chamada oficialmente, de acordo com a\u00a0<a title=\"Legisla\u00e7\u00e3o\" href=\"https:\/\/dcc.ufpr.br\/mediawiki\/index.php\/Legisla%C3%A7%C3%A3o\">Legisla\u00e7\u00e3o<\/a>.<\/dd>\n<\/dl>\n<ul>\n<li>Prova de segunda chamada: uma, ao final do semestre. Data: 25\/06\/2020<\/li>\n<\/ul>\n<pre>  Assunto da prova de segunda chamada: conte\u00fado do semestre todo.\r\n<\/pre>\n<h2><span id=\"Datas_dos_testes_optativos_.28TURMAS_A_e_B.29\" class=\"mw-headline\">Datas dos testes optativos (TURMAS A, B e C)<\/span><\/h2>\n<ul>\n<li>Teste 01 &#8211; 02\/04<\/li>\n<li>Teste 02 &#8211; 14\/04<\/li>\n<li>Teste 03 &#8211; 26\/05<\/li>\n<li>Teste 04 &#8211; 16\/06<\/li>\n<\/ul>\n<h2><\/h2>\n<h2><span id=\"Exame_Final\" class=\"mw-headline\">Listas de exerc\u00edcios\u00a0<\/span><\/h2>\n<ul>\n<li><a href=\"https:\/\/dcc.ufpr.br\/wp-content\/uploads\/2020\/03\/Lista-01.pdf\">Lista 01 (cap\u00edtulo 02)<\/a><\/li>\n<li><a href=\"https:\/\/dcc.ufpr.br\/wp-content\/uploads\/2020\/03\/Gabarito-Lista-01.pdf\">Gabarito Lista 01<\/a><\/li>\n<\/ul>\n<p>&nbsp;<\/p>\n<h2><span id=\"Observa.C3.A7.C3.B5es_importantes\" class=\"mw-headline\">Observa\u00e7\u00f5es importantes<\/span><\/h2>\n<ol>\n<li>Apenas ser\u00e1 permitido o uso de calculadora cient\u00edfica para a prova.<\/li>\n<li>As notas ser\u00e3o divulgadas no site.<\/li>\n<\/ol>\n<p>Carga hor\u00e1ria de 60 h, ministradas de acordo com o\u00a0<a class=\"internal\" title=\"TC021 ficha F2.pdf\" href=\"https:\/\/dcc.ufpr.br\/mediawiki\/images\/9\/9d\/TC021_ficha_F2.pdf\">programa anal\u00edtico<\/a>.<br \/>\nArquivos originais:\u00a0<a class=\"internal\" title=\"Tc021 ficha F1.docx\" href=\"https:\/\/dcc.ufpr.br\/mediawiki\/images\/1\/1e\/Tc021_ficha_F1.docx\">Ficha1.docx<\/a>,\u00a0<a class=\"internal\" title=\"Ficha F2 TC 021.docx\" href=\"https:\/\/dcc.ufpr.br\/mediawiki\/images\/0\/09\/Ficha_F2_TC_021.docx\">Ficha2 TC-021.docx<\/a>.<\/p>\n","protected":false},"excerpt":{"rendered":"<p>Professores Prof. Ronaldo A. Medeiros-Junior\u00a0=&gt; Coordenador da Disciplina Profa.Isabella Chaves Profa. Amanda Jarek Prof. Raphael Scuciato &nbsp; Ementa Introdu\u00e7\u00e3o. An\u00e1lise vetorial. Est\u00e1tica da part\u00edcula. Momentos. Sistemas de for\u00e7as equivalentes. Est\u00e1tica dos corpos r\u00edgidos. Forma de avalia\u00e7\u00e3o da disciplina (TURMAS A, B e C) Duas provas escritas =&gt; 1a prova: 28\/04\/2020; 2a. prova: 18\/06\/2020 O aluno [&hellip;]<\/p>\n","protected":false},"author":1,"featured_media":0,"parent":628,"menu_order":0,"comment_status":"closed","ping_status":"closed","template":"","meta":{"footnotes":""},"class_list":["post-18","page","type-page","status-publish","hentry"],"aioseo_notices":[],"_links":{"self":[{"href":"https:\/\/dcc.ufpr.br\/index.php\/wp-json\/wp\/v2\/pages\/18","targetHints":{"allow":["GET"]}}],"collection":[{"href":"https:\/\/dcc.ufpr.br\/index.php\/wp-json\/wp\/v2\/pages"}],"about":[{"href":"https:\/\/dcc.ufpr.br\/index.php\/wp-json\/wp\/v2\/types\/page"}],"author":[{"embeddable":true,"href":"https:\/\/dcc.ufpr.br\/index.php\/wp-json\/wp\/v2\/users\/1"}],"replies":[{"embeddable":true,"href":"https:\/\/dcc.ufpr.br\/index.php\/wp-json\/wp\/v2\/comments?post=18"}],"version-history":[{"count":9,"href":"https:\/\/dcc.ufpr.br\/index.php\/wp-json\/wp\/v2\/pages\/18\/revisions"}],"predecessor-version":[{"id":2015,"href":"https:\/\/dcc.ufpr.br\/index.php\/wp-json\/wp\/v2\/pages\/18\/revisions\/2015"}],"up":[{"embeddable":true,"href":"https:\/\/dcc.ufpr.br\/index.php\/wp-json\/wp\/v2\/pages\/628"}],"wp:attachment":[{"href":"https:\/\/dcc.ufpr.br\/index.php\/wp-json\/wp\/v2\/media?parent=18"}],"curies":[{"name":"wp","href":"https:\/\/api.w.org\/{rel}","templated":true}]}}