{"id":108,"date":"2019-02-07T13:17:04","date_gmt":"2019-02-07T15:17:04","guid":{"rendered":"https:\/\/dcc.ufpr.br\/?page_id=108"},"modified":"2026-03-27T16:48:16","modified_gmt":"2026-03-27T19:48:16","slug":"concursos","status":"publish","type":"page","link":"https:\/\/dcc.ufpr.br\/index.php\/concursos\/","title":{"rendered":"Concursos e Processos Seletivos"},"content":{"rendered":"\r\n<p><\/p>\r\n<h1 class=\"wp-block-heading\">Concurso para professor efetivo<\/h1>\r\n<p>\r\n\r\n<\/p>\r\n<figure class=\"wp-block-table\">\r\n<table>\r\n<tbody>\r\n<tr>\r\n<td style=\"text-align: center\">EDITAL<\/td>\r\n<td style=\"text-align: center\">\u00c1REA DE CONHECIMENTO<\/td>\r\n<td style=\"text-align: center\">PER\u00cdODO DE INSCRI\u00c7\u00d5ES<\/td>\r\n<td style=\"text-align: center\">SETOR<\/td>\r\n<\/tr>\r\n<tr>\r\n<td style=\"text-align: center\"><a href=\"https:\/\/dcc.ufpr.br\/wp-content\/uploads\/2026\/01\/Edital_07_26___SEI_PROGEPE.pdf\">Edital 07\/26-PROGEPE<\/a><\/td>\r\n<td style=\"text-align: center\"><a href=\"https:\/\/dcc.ufpr.br\/wp-content\/uploads\/2026\/01\/Edital_07_26___SEI_PROGEPE.pdf\">Geotecnia<\/a><\/td>\r\n<td style=\"text-align: center\"><a href=\"https:\/\/dcc.ufpr.br\/wp-content\/uploads\/2026\/01\/Edital_07_26___SEI_PROGEPE.pdf\">13\/01\/2026 a 11\/02\/2026<\/a><\/td>\r\n<td><a title=\"Tecnologia\" href=\"https:\/\/tecnologia.ufpr.br\/\">Setor de Tecnologia<\/a><\/td>\r\n<\/tr>\r\n<\/tbody>\r\n<\/table>\r\n<\/figure>\r\n<p>\r\n\r\n<\/p>\r\n<h4 class=\"wp-block-heading\">Concurso p\u00fablico Assistente I &#8211; 20h &#8211; Geotecnia, edital n\u00ba 07\/26 &#8211; PROGEPE<\/h4>\r\n<p>\r\n\r\n<\/p>\r\n<p><strong>Setor: Tecnologia<\/strong><br \/><strong>Departamento:\u202fConstru\u00e7\u00e3o Civil<\/strong><br \/><strong>\u00c1rea de Conhecimento: Geotecnia<\/strong><\/p>\r\n<p>\r\n\r\n<\/p>\r\n<p>Processo: 23075.076857\/2025-99<\/p>\r\n<p>\r\n\r\n<\/p>\r\n<ul class=\"wp-block-list\">\r\n<li>N\u00famero de vagas: 01 (uma)<\/li>\r\n\r\n\r\n\r\n<li>Classe: A<br \/>Denomina\u00e7\u00e3o: Assistente I<br \/>N\u00edvel: 1<br \/>Regime de Trabalho: 20 (vinte) horas semanais<\/li>\r\n\r\n\r\n\r\n<li>Titula\u00e7\u00e3o M\u00ednima Exigida: Gradua\u00e7\u00e3o em Engenharia Civil ou Engenharia de Produ\u00e7\u00e3o Civil, com Doutorado em Engenharia de Constru\u00e7\u00e3o Civil, Doutorado em Engenharia Civil, Doutorado em Geotecnia ou Doutorado em M\u00e9todos Num\u00e9ricos Aplicados \u00e0 Engenharia, Doutorado em Funda\u00e7\u00f5es, obtidos na forma da lei.<\/li>\r\n\r\n\r\n\r\n<li>Tipos de Provas: Escrita (eliminat\u00f3ria), did\u00e1tica (eliminat\u00f3ria), an\u00e1lise de curr\u00edculo (classificat\u00f3ria) e defesa do curr\u00edculo e do projeto de pesquisa (classificat\u00f3ria).<\/li>\r\n\r\n\r\n\r\n<li>Per\u00edodo das inscri\u00e7\u00f5es:\u202f\u202f13\/01\/2026 a 11\/02\/2026.<\/li>\r\n<\/ul>\r\n<p>\r\n\r\n<\/p>\r\n<p>Site PROGEPE\/UFPR (Informa\u00e7\u00f5es\/Editais\/Requerimento Inscri\u00e7\u00e3o\/Guia Recolhimento):\u00a0<a title=\"Progepe Concursos\" href=\"https:\/\/progepe.ufpr.br\/a\/concursos\/docente\/concursos_publicos\/concursos.html\">Progepe Concursos<\/a>\r\n\r\n<\/p>\r\n<p>Edital Publica\u00e7\u00e3o em Di\u00e1rio Oficial: <a href=\"https:\/\/dcc.ufpr.br\/wp-content\/uploads\/2026\/01\/Edital_7_26_DOU.pdf\">Edital 07\/26 &#8211; DOU<\/a><\/p>\r\n<p>Conte\u00fado Program\u00e1tico &#8211; Pontos: <a href=\"https:\/\/dcc.ufpr.br\/wp-content\/uploads\/2026\/02\/SEI_8569904_Ementa.pdf\">Ementa<\/a><\/p>\r\n<p>Edital 01 &#8211; Homologa\u00e7\u00e3o das Inscri\u00e7\u00f5es: <a href=\"https:\/\/dcc.ufpr.br\/wp-content\/uploads\/2026\/02\/edital_01_homo_inscricoes.pdf\">Resultado<\/a><\/p>\r\n<p>Portaria \u2013 Comiss\u00e3o Julgadora: <a href=\"https:\/\/dcc.ufpr.br\/wp-content\/uploads\/2026\/02\/Portaria_20DirTC_Banca_Examinadora.pdf\">Portaria 20\/2026-TC &#8211; Banca Examinadora<\/a><\/p>\r\n<p>Edital 02 \u2013 Abertura do Concurso (23\/03\/2026): <a href=\"https:\/\/dcc.ufpr.br\/wp-content\/uploads\/2026\/03\/edital_02_abertura.pdf\">Abertura do Concurso &#8211; 23\/03\/2026<\/a><\/p>\r\n<p>Edital 03 &#8211; Cronograma de Provas: <a href=\"https:\/\/dcc.ufpr.br\/wp-content\/uploads\/2026\/03\/edital_03_cronograma.pdf\">Cronograma<\/a><\/p>\r\n<p>Edital 04 &#8211; Lista de Pontos e Crit\u00e9rios para as Provas Escrita e Did\u00e1tica: <a href=\"https:\/\/dcc.ufpr.br\/wp-content\/uploads\/2026\/03\/edital_04_pontoscriterios.pdf\">Crit\u00e9rios para as Provas Escrita e Did\u00e1tica<\/a><\/p>\r\n<p>Edital 05 &#8211; Resultado da Prova Escrita: <a href=\"https:\/\/dcc.ufpr.br\/wp-content\/uploads\/2026\/03\/edital_05_resultadoescrita.pdf\">Resultado<\/a><\/p>\r\n<p>Edital 06 &#8211; Cronograma de Sorteio da Prova Did\u00e1tica: <a href=\"https:\/\/dcc.ufpr.br\/wp-content\/uploads\/2026\/03\/edital_06_cronopontosdidatica.pdf\">Cronograma<\/a><\/p>\r\n<p>Edital 07 &#8211; Pontos da Prova Did\u00e1tica: <a href=\"https:\/\/dcc.ufpr.br\/wp-content\/uploads\/2026\/03\/edital_07_pontosdidatica.pdf\">Pontos<\/a><\/p>\r\n<p>Edital 08 &#8211; Resultado da Prova Did\u00e1tica: <a href=\"https:\/\/dcc.ufpr.br\/wp-content\/uploads\/2026\/03\/edital_08_resultadodidatica.pdf\">Resultado<\/a><\/p>\r\n<p>Edital 09 &#8211; Cronograma de Defesa de Curr\u00edculo e Projeto de Pesquisa: <a href=\"https:\/\/dcc.ufpr.br\/wp-content\/uploads\/2026\/03\/edital_09_cronogramadefesa.pdf\">Cronograma<\/a><\/p>\r\n<p>Edital 10 &#8211; Sess\u00e3o P\u00fablica de Divulga\u00e7\u00e3o dos Resultados e Classifica\u00e7\u00e3o : <a href=\"https:\/\/dcc.ufpr.br\/wp-content\/uploads\/2026\/03\/edital_10_dataresultadofinal.pdf\">Resultado Final<\/a><\/p>\r\n<p>Edital 11 &#8211; Resultado Final e Classifica\u00e7\u00e3o: <a href=\"https:\/\/dcc.ufpr.br\/wp-content\/uploads\/2026\/03\/edital_11_resultadofinal.pdf\">Resultado Final e Classifica\u00e7\u00e3o<\/a><\/p>\r\n<h1>\u00a0<\/h1>\r\n<h1 class=\"wp-block-heading\">Processo seletivo para professor substituto<\/h1>\r\n<h1><\/h1>\r\n<figure class=\"wp-block-table is-style-regular\">\r\n<table>\r\n<tbody>\r\n<tr>\r\n<td>EDITAL<\/td>\r\n<td>\u00c1REA DE CONHECIMENTO<\/td>\r\n<td>PER\u00cdODO DE INSCRI\u00c7\u00d5ES<\/td>\r\n<td>SETOR<\/td>\r\n<\/tr>\r\n<tr>\r\n<td><strong><a href=\"https:\/\/dcc.ufpr.br\/wp-content\/uploads\/2025\/07\/Edital_n__227_2025_PROGEPE.pdf\">Edital 227\/25 Progepe<\/a><\/strong><\/td>\r\n<td><strong><a href=\"https:\/\/dcc.ufpr.br\/wp-content\/uploads\/2025\/07\/Edital_n__227_2025_PROGEPE.pdf\">Estruturas<\/a><\/strong><\/td>\r\n<td><a href=\"https:\/\/dcc.ufpr.br\/wp-content\/uploads\/2025\/07\/Edital_n__227_2025_PROGEPE.pdf\">18\/07\/2025 a 31\/07\/2025<\/a><\/td>\r\n<td><strong><a title=\"Tecnologia\" href=\"https:\/\/tecnologia.ufpr.br\/\">Tecnologia<\/a><\/strong><\/td>\r\n<\/tr>\r\n<\/tbody>\r\n<\/table>\r\n<\/figure>\r\n<h1><\/h1>\r\n<p><strong>Setor: Tecnologia<\/strong><br \/><strong>Departamento:\u202fConstru\u00e7\u00e3o Civil<\/strong><br \/><strong>\u00c1rea de Conhecimento: Estruturas.<br \/>Mat\u00e9ria Espec\u00edfica: Mec\u00e2nica das Estruturas.<br \/><\/strong><\/p>\r\n<h1>\r\n\r\n<\/h1>\r\n<p>Processo: 23075.035372\/2025-45<\/p>\r\n<h1>\r\n\r\n<\/h1>\r\n<p><\/p>\r\n<ul class=\"wp-block-list\">\r\n<li>N\u00famero de vagas: 01 (uma)<\/li>\r\n\r\n\r\n\r\n<li>Regime de Trabalho: 40 (quarenta) horas semanais<\/li>\r\n\r\n\r\n\r\n<li>Titula\u00e7\u00e3o M\u00ednima Exigida: Gradua\u00e7\u00e3o em Engenharia Civil ou Engenharia de Produ\u00e7\u00e3o Civil, com Mestrado em Engenharia de Constru\u00e7\u00e3o Civil ou Mestrado em Engenharia Civil ou Mestrado em Estruturas ou Mestrado em Engenharia de Estruturas ou Mestrado em M\u00e9todos Num\u00e9ricos em Engenharia, obtidos na forma da lei.<\/li>\r\n\r\n\r\n\r\n<li>Tipos de Provas: An\u00e1lise de Curr\u00edculo e Prova Did\u00e1tica. Sendo a prova did\u00e1tica de forma presencial.<\/li>\r\n\r\n\r\n\r\n<li>Per\u00edodo das inscri\u00e7\u00f5es:\u202f\u202f18\/07\/2025 a 31\/07\/2025 &#8211; (10 (DEZ) DIAS \u00daTEIS a partir do dia \u00fatil subsequente ao dia da publica\u00e7\u00e3o do presente Edital no Di\u00e1rio Oficial da Uni\u00e3o.)<\/li>\r\n<\/ul>\r\n<p><\/p>\r\n<h1>\r\n\r\n<\/h1>\r\n<p>Site PROGEPE\/UFPR (Informa\u00e7\u00f5es\/Editais\/Requerimento Inscri\u00e7\u00e3o\/Guia Recolhimento): <a title=\"Progepe - Testes Seletivos\" href=\"https:\/\/progepe.ufpr.br\/a\/concursos\/docente\/concursos_publicos\/testes_seletivos.html\">Progepe &#8211; Testes Seletivos<\/a><\/p>\r\n<p>Edital Publica\u00e7\u00e3o em Di\u00e1rio Oficial: <a href=\"https:\/\/dcc.ufpr.br\/wp-content\/uploads\/2025\/07\/Edital_227_2025_publicacao_D.O.U.pdf\">Edital 227\/25 DOU<\/a><\/p>\r\n<p>Resultado das solicita\u00e7\u00f5es de Isen\u00e7\u00e3o da Taxa de Inscri\u00e7\u00e3o: <a href=\"https:\/\/dcc.ufpr.br\/wp-content\/uploads\/2025\/07\/7976705.pdf\">Resultado Isen\u00e7\u00e3o<\/a><\/p>\r\n<p>Conte\u00fado Program\u00e1tico &#8211; Pontos: <a href=\"https:\/\/dcc.ufpr.br\/wp-content\/uploads\/2025\/07\/SEI_7976714_Ementa.pdf\">Ementa<\/a><\/p>\r\n<p>Edital 01 &#8211; Homologa\u00e7\u00e3o das Inscri\u00e7\u00f5es: <a href=\"https:\/\/dcc.ufpr.br\/wp-content\/uploads\/2025\/08\/Edital_01_Homologacao_inscricoes.pdf\">Resultado<\/a><\/p>\r\n<p>Edital 02 &#8211; Cronograma de Provas: <a href=\"https:\/\/dcc.ufpr.br\/wp-content\/uploads\/2025\/08\/Edital_02_CronogramaProvas.pdf\">Cronograma<\/a><\/p>\r\n<p>Edital 03 &#8211; Resultado da Prova de An\u00e1lise de Curr\u00edculo e Agenda das Provas Did\u00e1ticas: <a href=\"https:\/\/dcc.ufpr.br\/wp-content\/uploads\/2025\/08\/Edital_03_ResultadoCurriculoAgendaDidatica.pdf\">Resultado An\u00e1lise Curr\u00edculo e Agenda Prova Did\u00e1tica<\/a><\/p>\r\n<p>Edital 04 &#8211; Resultado Sorteio de Ponto das Provas Did\u00e1ticas: <a href=\"https:\/\/dcc.ufpr.br\/wp-content\/uploads\/2025\/09\/Edital_04_SorteioPontoDidatica.pdf\">Resultado Sorteio Pontos Did\u00e1tica<\/a><\/p>\r\n<p>Edital 05 &#8211; Resultados das Provas de An\u00e1lise de Curr\u00edculo e Did\u00e1tica e Classifica\u00e7\u00e3o Geral: <a href=\"https:\/\/dcc.ufpr.br\/wp-content\/uploads\/2025\/09\/Edital_05_ResultadoFinal.pdf\">Resultado Final<\/a><\/p>\r\n<h1>\u00a0<\/h1>\r\n<h1 class=\"wp-block-heading\">Concurso para professor efetivo<\/h1>\r\n<p>\r\n\r\n<\/p>\r\n<figure class=\"wp-block-table\">\r\n<table>\r\n<tbody>\r\n<tr>\r\n<td>EDITAL<\/td>\r\n<td>\u00c1REA DE CONHECIMENTO<\/td>\r\n<td>PER\u00cdODO DE INSCRI\u00c7\u00d5ES<\/td>\r\n<td>SETOR<\/td>\r\n<\/tr>\r\n<tr>\r\n<td><strong><a href=\"https:\/\/dcc.ufpr.br\/wp-content\/uploads\/2025\/05\/ED_152_25_PROGEPE.pdf\">Edital 152\/25 Progepe<\/a><\/strong><\/td>\r\n<td><a href=\"https:\/\/dcc.ufpr.br\/wp-content\/uploads\/2025\/05\/ED_152_25_PROGEPE.pdf\">Constru\u00e7\u00e3o Civil<\/a><\/td>\r\n<td><a href=\"https:\/\/dcc.ufpr.br\/wp-content\/uploads\/2025\/05\/ED_152_25_PROGEPE.pdf\">12\/05\/2025 a 10\/06\/2025<\/a><\/td>\r\n<td><a title=\"Tecnologia\" href=\"https:\/\/tecnologia.ufpr.br\/\">Setor de Tecnologia<\/a><\/td>\r\n<\/tr>\r\n<\/tbody>\r\n<\/table>\r\n<\/figure>\r\n<p>\r\n\r\n<\/p>\r\n<h4 class=\"wp-block-heading\">Concurso p\u00fablico Assistente I &#8211; 40h DE &#8211; Constru\u00e7\u00e3o Civil, edital n\u00ba 152\/25 &#8211; PROGEPE<\/h4>\r\n<p>\r\n\r\n<\/p>\r\n<p><strong>Setor: Tecnologia<\/strong><br \/><strong>Departamento:\u202fConstru\u00e7\u00e3o Civil<\/strong><br \/><strong>\u00c1rea de Conhecimento: Constru\u00e7\u00e3o Civil<br \/><\/strong><\/p>\r\n<p>\r\n\r\n<\/p>\r\n<p>Processo: 23075.018494\/2025-77<\/p>\r\n<p>\r\n\r\n<\/p>\r\n<ul class=\"wp-block-list\">\r\n<li>N\u00famero de vagas: 01 (uma)<\/li>\r\n\r\n\r\n\r\n<li>Classe: A<br \/>Denomina\u00e7\u00e3o: Assistente I<br \/>N\u00edvel: 1<br \/>Regime de Trabalho: 40 (quarenta) horas semanais com Dedica\u00e7\u00e3o Exclusiva<\/li>\r\n\r\n\r\n\r\n<li>Titula\u00e7\u00e3o M\u00ednima Exigida: Gradua\u00e7\u00e3o em Engenharia Civil ou Engenharia de Produ\u00e7\u00e3o Civil, com Doutorado em Engenharia de Constru\u00e7\u00e3o Civil, ou Doutorado em Engenharia Civil com \u00eanfase em Constru\u00e7\u00e3o Civil, ou Doutorado em Engenharia e Ci\u00eancia dos Materiais, ou Doutorado em Ci\u00eancias com \u00eanfase em Infraestrutura Aeron\u00e1utica, obtidos na forma da lei.<\/li>\r\n\r\n\r\n\r\n<li>Tipos de Provas: Escrita (eliminat\u00f3ria), did\u00e1tica (eliminat\u00f3ria), an\u00e1lise de curr\u00edculo (classificat\u00f3ria) e defesa do curr\u00edculo e do projeto de pesquisa (classificat\u00f3ria).<\/li>\r\n\r\n\r\n\r\n<li>Per\u00edodo das inscri\u00e7\u00f5es:\u202f\u202f12\/05\/2025 a 10\/06\/2025.<\/li>\r\n<\/ul>\r\n<p>\r\n\r\n<\/p>\r\n<p>Site PROGEPE\/UFPR (Informa\u00e7\u00f5es\/Editais\/Requerimento Inscri\u00e7\u00e3o\/Guia Recolhimento):\u00a0<a title=\"Progepe Concursos\" href=\"https:\/\/progepe.ufpr.br\/a\/concursos\/docente\/concursos_publicos\/concursos.html\">Progepe Concursos<\/a>\r\n\r\n<\/p>\r\n<p>Edital Publica\u00e7\u00e3o em Di\u00e1rio Oficial:\u00a0<a href=\"https:\/\/dcc.ufpr.br\/wp-content\/uploads\/2025\/05\/ED_152_25_DOU.pdf\">Edital 152\/25 DOU<\/a><\/p>\r\n<p>Conte\u00fado Program\u00e1tico &#8211; Pontos: <a href=\"https:\/\/dcc.ufpr.br\/wp-content\/uploads\/2025\/05\/SEI_7763407_Ementa.pdf\">Ementa<\/a><\/p>\r\n<p>Resultado das solicita\u00e7\u00f5es de Isen\u00e7\u00e3o da Taxa de Inscri\u00e7\u00e3o: <a href=\"https:\/\/dcc.ufpr.br\/wp-content\/uploads\/2025\/05\/7813786.pdf\">Resultado Isen\u00e7\u00e3o<\/a><\/p>\r\n<p><\/p>\r\n<p>Edital 01 &#8211; Homologa\u00e7\u00e3o das Inscri\u00e7\u00f5es: <a href=\"https:\/\/dcc.ufpr.br\/wp-content\/uploads\/2025\/06\/Edital_01_HomologacaoInscricoes.pdf\">Homologa\u00e7\u00e3o Inscri\u00e7\u00f5es<\/a><\/p>\r\n<p>Edital 02 &#8211; Inscri\u00e7\u00f5es ap\u00f3s Per\u00edodo de Recursos: <a href=\"https:\/\/dcc.ufpr.br\/wp-content\/uploads\/2025\/06\/Edital_02_InscricoesFinal.pdf\">Inscri\u00e7\u00f5es Lista Definitiva<\/a><\/p>\r\n<p>Portaria \u2013 SEM EFEITO: <a href=\"https:\/\/dcc.ufpr.br\/wp-content\/uploads\/2025\/07\/SEI_7942465_ComissaoJulgadora.pdf\">Portaria 61\/2025-TC &#8211; SEM EFEITO<\/a><\/p>\r\n<p>Portaria \u2013 SEM EFEITO: <a href=\"https:\/\/dcc.ufpr.br\/wp-content\/uploads\/2025\/07\/SEI_7945970_ComissaoJulgadora_Corrigida.pdf\">Portaria 62\/2025-TC &#8211; SEM EFEITO<\/a><\/p>\r\n<p>Portaria \u2013 SEM EFEITO: <a href=\"https:\/\/dcc.ufpr.br\/wp-content\/uploads\/2025\/07\/SEI_7980684_ComissaoJulgadora_v2.pdf\">Portaria 70\/2025-TC &#8211; SEM EFEITO<\/a><\/p>\r\n<p>Portaria \u2013 Comiss\u00e3o Julgadora e In\u00edcio do Concurso (11\/08\/2025): <a href=\"https:\/\/dcc.ufpr.br\/wp-content\/uploads\/2025\/08\/SEI_7996900_ComissaoJulgadora_v3.pdf\">Portaria 75\/2025-TC &#8211; Comiss\u00e3o Julgadora e In\u00edcio do Concurso<\/a><\/p>\r\n<p>Edital 03 &#8211; Cronograma de Provas: <a href=\"https:\/\/dcc.ufpr.br\/wp-content\/uploads\/2025\/08\/Edital_02_Cronograma.pdf\">Cronograma<\/a><\/p>\r\n<p>Edital 04 &#8211; Lista de Pontos e Crit\u00e9rios para as Provas Escrita e Did\u00e1tica: <a href=\"https:\/\/dcc.ufpr.br\/wp-content\/uploads\/2025\/08\/Edital_04_Criterios.pdf\">Crit\u00e9rios para as Provas Escrita e Did\u00e1tica<\/a><\/p>\r\n<p>Edital 05 &#8211; Resultado da Prova Escrita: <a href=\"https:\/\/dcc.ufpr.br\/wp-content\/uploads\/2025\/08\/Edital_05_ResultadoEscrita.pdf\">Resultado Prova Escrita<\/a><\/p>\r\n<p>Edital 06 &#8211; Cronograma de Sorteio de Pontos da Prova Did\u00e1tica: <a href=\"https:\/\/dcc.ufpr.br\/wp-content\/uploads\/2025\/08\/Edital_06_CronogramaPontosDidatica.pdf\">Cronograma Pontos Did\u00e1tica<\/a><\/p>\r\n<p>Edital 07 &#8211; Resposta a Recurso: <a href=\"https:\/\/dcc.ufpr.br\/wp-content\/uploads\/2025\/08\/Edital_07_ResultadoRecurso.pdf\">Resposta ao Recurso<\/a><\/p>\r\n<p>Edital 08 &#8211; Pontos da Prova Did\u00e1tica: <a href=\"https:\/\/dcc.ufpr.br\/wp-content\/uploads\/2025\/08\/Edital_08_PontosDidatica-1.pdf\">Pontos Prova Did\u00e1tica<\/a><\/p>\r\n<p>Edital 09 &#8211; Resultado da Prova Did\u00e1tica: <a href=\"https:\/\/dcc.ufpr.br\/wp-content\/uploads\/2025\/08\/Edital_09_ResultadoDidatica-1.pdf\">Resultado da Prova Did\u00e1tica<\/a><\/p>\r\n<p>Edital 10 &#8211; Cronograma da Prova de Defesa de Curr\u00edculo e Projeto de Pesquisa: <a href=\"https:\/\/dcc.ufpr.br\/wp-content\/uploads\/2025\/08\/Edital_10_CronogramaCurriculoProjeto.pdf\">Cronograma de Defesa do Curr\u00edculo e Projeto<\/a><\/p>\r\n<p>Edital 11 &#8211; Sess\u00e3o P\u00fablica de Divulga\u00e7\u00e3o dos Resultados e Classifica\u00e7\u00e3o: <a href=\"https:\/\/dcc.ufpr.br\/wp-content\/uploads\/2025\/08\/Edital_11_SessaoDivulgaResultados.pdf\">Sess\u00e3o P\u00fablica Divulga\u00e7\u00e3o Resultados<\/a><\/p>\r\n<p>Edital 12 &#8211; Resposta a Recurso: <a href=\"https:\/\/dcc.ufpr.br\/wp-content\/uploads\/2025\/08\/Edital_12_ResultadoRecurso.pdf\">Resultado de Recurso<\/a><\/p>\r\n<p>Edital 13 &#8211; Divulga\u00e7\u00e3o dos Resultados e Classifica\u00e7\u00e3o: <a href=\"https:\/\/dcc.ufpr.br\/wp-content\/uploads\/2025\/08\/Edital_13_ResultadoFinalClassificacao.pdf\">Resultado Final e Classifica\u00e7\u00e3o<\/a><\/p>\r\n<p>&nbsp;<\/p>\r\n\r\n\r\n\r\n\r\n\r\n<h1 class=\"wp-block-heading\">Processo seletivo para professor substituto<\/h1>\r\n\r\n<figure class=\"wp-block-table is-style-regular\">\r\n<table>\r\n<tbody>\r\n<tr>\r\n<td>EDITAL<\/td>\r\n<td>\u00c1REA DE CONHECIMENTO<\/td>\r\n<td>PER\u00cdODO DE INSCRI\u00c7\u00d5ES<\/td>\r\n<td>SETOR<\/td>\r\n<\/tr>\r\n<tr>\r\n<td><a href=\"https:\/\/dcc.ufpr.br\/wp-content\/uploads\/2025\/05\/Edital_n__155_2025.pdf\">Edital 155\/25 Progepe<\/a><\/td>\r\n<td><strong><a href=\"https:\/\/dcc.ufpr.br\/wp-content\/uploads\/2025\/05\/Edital_n__155_2025.pdf\">Materiais<\/a><\/strong><\/td>\r\n<td><a href=\"https:\/\/dcc.ufpr.br\/wp-content\/uploads\/2025\/05\/Edital_n__155_2025.pdf\">12\/05\/2025 a 23\/05\/2025<\/a><\/td>\r\n<td><strong><a title=\"Tecnologia\" href=\"https:\/\/tecnologia.ufpr.br\/\">Tecnologia<\/a><\/strong><\/td>\r\n<\/tr>\r\n<\/tbody>\r\n<\/table>\r\n<\/figure>\r\n\r\n<p><strong>Setor: Tecnologia<\/strong><br \/><strong>Departamento:\u202fConstru\u00e7\u00e3o Civil<\/strong><br \/><strong>\u00c1rea de Conhecimento: Materiais de Constru\u00e7\u00e3o.<br \/>Mat\u00e9ria Espec\u00edfica: Tecnologia de concretos e argamassas.<br \/><\/strong><\/p>\r\n\r\n\r\n\r\n<p>Processo: 23075.021218\/2025-96<\/p>\r\n\r\n\r\n\r\n<p><\/p>\r\n<ul class=\"wp-block-list\">\r\n<li>N\u00famero de vagas: 01 (uma)<\/li>\r\n\r\n\r\n\r\n<li>Regime de Trabalho: 20 (vinte) horas semanais<\/li>\r\n\r\n\r\n\r\n<li>Titula\u00e7\u00e3o M\u00ednima Exigida: Gradua\u00e7\u00e3o em Engenharia Civil ou Engenharia de Produ\u00e7\u00e3o Civil, com Mestrado em Engenharia de Constru\u00e7\u00e3o Civil ou Mestrado em Engenharia Civil ou Mestrado em Engenharia Civil com \u00eanfase em Constru\u00e7\u00e3o Civil ou Mestrado em Engenharia e Ci\u00eancia dos Materiais ou Mestrado em Ci\u00eancias com \u00eanfase em Infraestrutura Aeron\u00e1utica, obtidos na forma da lei.<\/li>\r\n\r\n\r\n\r\n<li>Tipos de Provas: An\u00e1lise de Curr\u00edculo e Prova Did\u00e1tica. Sendo a prova did\u00e1tica de forma presencial.<\/li>\r\n\r\n\r\n\r\n<li>Per\u00edodo das inscri\u00e7\u00f5es:\u202f\u202f12\/05\/2025 a 23\/05\/2025<\/li>\r\n<\/ul>\r\n<p><\/p>\r\n\r\n\r\n\r\n<p>Site PROGEPE\/UFPR (Informa\u00e7\u00f5es\/Editais\/Requerimento Inscri\u00e7\u00e3o\/Guia Recolhimento): <a title=\"Progepe - Testes Seletivos\" href=\"https:\/\/progepe.ufpr.br\/a\/concursos\/docente\/concursos_publicos\/testes_seletivos.html\">Progepe &#8211; Testes Seletivos<\/a><\/p>\r\n<!-- \/wp:post-content -->\r\n<p>Edital Publica\u00e7\u00e3o em Di\u00e1rio Oficial:\u00a0<a href=\"https:\/\/dcc.ufpr.br\/wp-content\/uploads\/2025\/05\/Edital_n__155_2025___Publicacao_no_D.O.U.pdf\">Edital 155\/25 DOU<\/a><\/p>\r\n<!-- \/wp:paragraph --><!-- \/wp:paragraph -->\r\n<p>Conte\u00fado Program\u00e1tico &#8211; Pontos: <a href=\"https:\/\/dcc.ufpr.br\/wp-content\/uploads\/2025\/05\/SEI_7763451_Ementa.pdf\">Ementa<\/a><\/p>\r\n<!-- \/wp:paragraph --><!-- \/wp:paragraph -->\r\n<p>Edital 01 &#8211; Homologa\u00e7\u00e3o das Inscri\u00e7\u00f5es: <a href=\"https:\/\/dcc.ufpr.br\/wp-content\/uploads\/2025\/05\/7810890.pdf\" target=\"_blank\" rel=\"noopener\">Resultado<\/a><\/p>\r\n<!-- \/wp:paragraph --><!-- \/wp:paragraph -->\r\n<p>Edital 02 &#8211; Cronograma de Provas: <a href=\"https:\/\/dcc.ufpr.br\/wp-content\/uploads\/2025\/06\/Edital_02_Cronograma_provas.pdf\">Cronograma<\/a><\/p>\r\n<p>Edital 03 &#8211; Resultado da Prova de An\u00e1lise de Curr\u00edculo e agenda das provas did\u00e1ticas: <a href=\"https:\/\/dcc.ufpr.br\/wp-content\/uploads\/2025\/06\/Edital_03_Resultado_Analise_Curriculo.pdf\">Resultado An\u00e1lise Curr\u00edculo<\/a><\/p>\r\n<p>Edital 04 &#8211; Resultado do Sorteio do Ponto da Prova Did\u00e1tica: <a href=\"https:\/\/dcc.ufpr.br\/wp-content\/uploads\/2025\/06\/Edital_04_Resultado_Sorteio_ponto.pdf\">Resultado Sorteio Ponto<\/a><\/p>\r\n<p>Edital 05 &#8211; Resultado Final: <a href=\"https:\/\/dcc.ufpr.br\/wp-content\/uploads\/2025\/06\/Edital_05_Resultado_Final.pdf\">Resultado Final<\/a><\/p>\r\n<p>&nbsp;<\/p>\r\n<!-- \/wp:paragraph -->\r\n\r\n<!-- wp:table -->\r\n<figure class=\"wp-block-table\">\r\n<table>\r\n<tbody>\r\n<tr>\r\n<td>EDITAL<\/td>\r\n<td>\u00c1REA DE CONHECIMENTO<\/td>\r\n<td>PER\u00cdODO DE INSCRI\u00c7\u00d5ES<\/td>\r\n<td>SETOR<\/td>\r\n<\/tr>\r\n<tr>\r\n<td><a href=\"https:\/\/dcc.ufpr.br\/wp-content\/uploads\/2024\/02\/Edital-31.pdf\">Edital 31\/2024<\/a><\/td>\r\n<td><a href=\"https:\/\/dcc.ufpr.br\/wp-content\/uploads\/2024\/02\/Edital-31.pdf\"><strong>Estruturas<\/strong><\/a><\/td>\r\n<td><a href=\"https:\/\/dcc.ufpr.br\/wp-content\/uploads\/2024\/02\/Edital-31.pdf\"><strong>19\/02\/2024 a 01\/03\/2024<\/strong><\/a><\/td>\r\n<td><a href=\"https:\/\/dcc.ufpr.br\/wp-content\/uploads\/2024\/02\/Edital-31.pdf\"><strong>Tecnologia<\/strong><\/a><\/td>\r\n<\/tr>\r\n<\/tbody>\r\n<\/table>\r\n<\/figure>\r\n<!-- \/wp:table -->\r\n\r\n<!-- wp:paragraph -->\r\n<p><strong>Setor: Tecnologia<\/strong><br \/><strong>Departamento:\u202fConstru\u00e7\u00e3o Civil<\/strong><br \/><strong>\u00c1rea de Conhecimento: Estruturas<br \/>Mat\u00e9ria Espec\u00edfica: Mec\u00e2nica das Estruturas.<br \/><\/strong><\/p>\r\n<!-- \/wp:paragraph -->\r\n\r\n<!-- wp:paragraph -->\r\n<p>Processo: 23075.001693\/2024-65<\/p>\r\n<!-- \/wp:paragraph -->\r\n\r\n<!-- wp:list -->\r\n<ul><!-- wp:list-item -->\r\n<li>N\u00famero de vagas: 01 (uma)<\/li>\r\n<!-- \/wp:list-item -->\r\n\r\n<!-- wp:list-item -->\r\n<li>Regime de Trabalho: 40 (quarenta) horas semanais<\/li>\r\n<!-- \/wp:list-item -->\r\n\r\n<!-- wp:list-item -->\r\n<li>Titula\u00e7\u00e3o M\u00ednima Exigida: Gradua\u00e7\u00e3o em Engenharia Civil; com Mestrado em: Engenharia Civil ou Estrutura ou \u00c1reas Afins, obtidos na forma da lei.<\/li>\r\n<!-- \/wp:list-item -->\r\n\r\n<!-- wp:list-item -->\r\n<li>Tipos de Provas: An\u00e1lise de Curr\u00edculo e Prova Did\u00e1tica. Sendo a prova did\u00e1tica realizada de forma presencial.<\/li>\r\n<!-- \/wp:list-item -->\r\n\r\n<!-- wp:list-item -->\r\n<li>Per\u00edodo das inscri\u00e7\u00f5es:\u202f\u202f19\/02\/2024 a 01\/03\/2024<\/li>\r\n<!-- \/wp:list-item --><\/ul>\r\n<!-- \/wp:list -->\r\n\r\n<!-- wp:paragraph -->\r\n<p>Site PROGEPE\/UFPR (Informa\u00e7\u00f5es\/Editais\/Requerimento Inscri\u00e7\u00e3o\/Guia Recolhimento): <a title=\"Progepe - Testes Seletivos\" href=\"https:\/\/progepe.ufpr.br\/a\/concursos\/docente\/concursos_publicos\/testes_seletivos.html\">Progepe &#8211; Testes Seletivos<\/a><\/p>\r\n<!-- \/wp:paragraph -->\r\n\r\n<!-- wp:paragraph -->\r\n<p>Edital Publica\u00e7\u00e3o em Di\u00e1rio Oficial: <a href=\"https:\/\/dcc.ufpr.br\/wp-content\/uploads\/2024\/02\/Editais_31_DOU.pdf\">31\/2024 &#8211; DOU<\/a><\/p>\r\n<!-- \/wp:paragraph -->\r\n\r\n<!-- wp:paragraph -->\r\n<p>Conte\u00fado Program\u00e1tico &#8211; Pontos: <a href=\"https:\/\/dcc.ufpr.br\/wp-content\/uploads\/2024\/02\/Ementa_estruturas_2024.pdf\">Ementa<\/a><\/p>\r\n<!-- \/wp:paragraph -->\r\n\r\n<!-- wp:paragraph -->\r\n<p>Edital 01 &#8211; Homologa\u00e7\u00e3o das Inscri\u00e7\u00f5es: <a href=\"https:\/\/dcc.ufpr.br\/wp-content\/uploads\/2024\/03\/Edital_01_Homologacao.pdf\">Resultado<\/a><\/p>\r\n<!-- \/wp:paragraph -->\r\n\r\n<!-- wp:paragraph -->\r\n<p>Cronograma: <a href=\"https:\/\/dcc.ufpr.br\/wp-content\/uploads\/2024\/03\/Cronograma-1.pdf\">Cronograma<\/a><\/p>\r\n<!-- \/wp:paragraph -->\r\n\r\n<!-- wp:paragraph -->\r\n<p>Edital 02 &#8211; Prova de An\u00e1lise de Curr\u00edculo: <a href=\"https:\/\/dcc.ufpr.br\/wp-content\/uploads\/2024\/03\/Edital_02_AnaliseCurriculo.pdf\">Resultado<\/a><\/p>\r\n<!-- \/wp:paragraph -->\r\n\r\n<!-- wp:paragraph -->\r\n<p>Pontos para Prova Did\u00e1tica: <a href=\"https:\/\/dcc.ufpr.br\/wp-content\/uploads\/2024\/03\/Informacao_Didatica.pdf\">Pontos<\/a><\/p>\r\n<!-- \/wp:paragraph -->\r\n\r\n<!-- wp:paragraph -->\r\n<p>Edital 02 &#8211; Retifica\u00e7\u00e3o &#8211; Prova de An\u00e1lise de Curr\u00edculo: <a href=\"https:\/\/dcc.ufpr.br\/wp-content\/uploads\/2024\/03\/Edital_02_AnaliseCurriculo_retificacao.pdf\">Resultado<\/a><\/p>\r\n<!-- \/wp:paragraph -->\r\n\r\n<!-- wp:paragraph -->\r\n<p>Pontos para Prova Did\u00e1tica &#8211; Retifica\u00e7\u00e3o: <a href=\"https:\/\/dcc.ufpr.br\/wp-content\/uploads\/2024\/03\/Informacao_Didatica2.pdf\">Pontos<\/a><\/p>\r\n<!-- \/wp:paragraph -->\r\n\r\n<!-- wp:paragraph -->\r\n<p>Edital 03 &#8211; Sorteio de Pontos: <a href=\"https:\/\/dcc.ufpr.br\/wp-content\/uploads\/2024\/03\/Edital_03_SorteioPontos.pdf\">Resultado<\/a><\/p>\r\n<!-- \/wp:paragraph -->\r\n\r\n<!-- wp:paragraph -->\r\n<p>Edital 04 &#8211; Resultado Final: <a href=\"https:\/\/dcc.ufpr.br\/wp-content\/uploads\/2024\/03\/Edital_04_ResultadoFinal.pdf\">Resultado<\/a><\/p>\r\n<!-- \/wp:paragraph -->\r\n\r\n<!-- wp:paragraph -->\r\n<p>.<\/p>\r\n<!-- \/wp:paragraph -->\r\n\r\n<!-- wp:table -->\r\n<figure class=\"wp-block-table\">\r\n<table>\r\n<tbody>\r\n<tr>\r\n<td>EDITAL<\/td>\r\n<td>\u00c1REA DE CONHECIMENTO<\/td>\r\n<td>PER\u00cdODO DE INSCRI\u00c7\u00d5ES<\/td>\r\n<td>SETOR<\/td>\r\n<\/tr>\r\n<tr>\r\n<td><a href=\"https:\/\/dcc.ufpr.br\/wp-content\/uploads\/2024\/02\/Edital-31.pdf\">Edital 31\/2024<\/a><\/td>\r\n<td><a href=\"https:\/\/dcc.ufpr.br\/wp-content\/uploads\/2024\/02\/Edital-31.pdf\"><strong>Constru\u00e7\u00e3o Civil<\/strong><\/a><\/td>\r\n<td><a href=\"https:\/\/dcc.ufpr.br\/wp-content\/uploads\/2024\/02\/Edital-31.pdf\"><strong>19\/02\/2024 a 01\/03\/2024<\/strong><\/a><\/td>\r\n<td><a href=\"https:\/\/dcc.ufpr.br\/wp-content\/uploads\/2024\/02\/Edital-31.pdf\"><strong>Tecnologia<\/strong><\/a><\/td>\r\n<\/tr>\r\n<\/tbody>\r\n<\/table>\r\n<\/figure>\r\n<!-- \/wp:table -->\r\n\r\n<!-- wp:paragraph -->\r\n<p><strong>Setor: Tecnologia<\/strong><br \/><strong>Departamento:\u202fConstru\u00e7\u00e3o Civil<\/strong><br \/><strong>\u00c1rea de Conhecimento: Constru\u00e7\u00e3o Civil<br \/>Mat\u00e9ria Espec\u00edfica: Tecnologia da Constru\u00e7\u00e3o.<br \/><\/strong><\/p>\r\n<!-- \/wp:paragraph -->\r\n\r\n<!-- wp:paragraph -->\r\n<p>Processo: 23075.004177\/2024-92<\/p>\r\n<!-- \/wp:paragraph -->\r\n\r\n<!-- wp:list -->\r\n<ul><!-- wp:list-item -->\r\n<li>N\u00famero de vagas: 01 (uma)<\/li>\r\n<!-- \/wp:list-item -->\r\n\r\n<!-- wp:list-item -->\r\n<li>Regime de Trabalho: 40 (quarenta) horas semanais<\/li>\r\n<!-- \/wp:list-item -->\r\n\r\n<!-- wp:list-item -->\r\n<li>Titula\u00e7\u00e3o M\u00ednima Exigida: Gradua\u00e7\u00e3o em Engenharia Civil; com Mestrado em: Engenharia Civil ou Constru\u00e7\u00e3o Civil ou \u00e1reas afins, obtidos na forma da lei.<\/li>\r\n<!-- \/wp:list-item -->\r\n\r\n<!-- wp:list-item -->\r\n<li>Tipos de Provas: An\u00e1lise de Curr\u00edculo e Prova Did\u00e1tica. Sendo a prova did\u00e1tica realizada de forma presencial.<\/li>\r\n<!-- \/wp:list-item -->\r\n\r\n<!-- wp:list-item -->\r\n<li>Per\u00edodo das inscri\u00e7\u00f5es:\u202f\u202f19\/02\/2024 a 01\/03\/2024<\/li>\r\n<!-- \/wp:list-item --><\/ul>\r\n<!-- \/wp:list -->\r\n\r\n<!-- wp:paragraph -->\r\n<p>Site PROGEPE\/UFPR (Informa\u00e7\u00f5es\/Editais\/Requerimento Inscri\u00e7\u00e3o\/Guia Recolhimento): <a href=\"https:\/\/progepe.ufpr.br\/a\/concursos\/docente\/concursos_publicos\/testes_seletivos.html\">Progepe &#8211; Testes Seletivos<\/a><\/p>\r\n<!-- \/wp:paragraph -->\r\n\r\n<!-- wp:paragraph -->\r\n<p>Edital Publica\u00e7\u00e3o em Di\u00e1rio Oficial: <a href=\"https:\/\/dcc.ufpr.br\/wp-content\/uploads\/2024\/02\/Editais_31_DOU.pdf\">31\/2024 &#8211; DOU<\/a><\/p>\r\n<!-- \/wp:paragraph -->\r\n\r\n<!-- wp:paragraph -->\r\n<p>Conte\u00fado Program\u00e1tico &#8211; Pontos: <a href=\"https:\/\/dcc.ufpr.br\/wp-content\/uploads\/2024\/02\/Ementa_ccivil_2024.pdf\">Ementa<\/a><\/p>\r\n<!-- \/wp:paragraph -->\r\n\r\n<!-- wp:paragraph -->\r\n<p>Edital 01 &#8211; Homologa\u00e7\u00e3o das Inscri\u00e7\u00f5es: <a href=\"https:\/\/dcc.ufpr.br\/wp-content\/uploads\/2024\/03\/Edital_01_Homologacao-1.pdf\">Resultado<\/a><\/p>\r\n<!-- \/wp:paragraph -->\r\n\r\n<!-- wp:paragraph -->\r\n<p>Cronograma: <a href=\"https:\/\/dcc.ufpr.br\/wp-content\/uploads\/2024\/03\/Cronograma.pdf\">Cronograma<\/a><\/p>\r\n<!-- \/wp:paragraph -->\r\n\r\n<!-- wp:paragraph -->\r\n<p>Edital 02 &#8211; Prova de An\u00e1lise de Curr\u00edculo: <a href=\"https:\/\/dcc.ufpr.br\/wp-content\/uploads\/2024\/03\/Edital_02_AnaliseCurriculo-1.pdf\">Resultado<\/a><\/p>\r\n<!-- \/wp:paragraph -->\r\n\r\n<!-- wp:paragraph -->\r\n<p>Edital 03 &#8211; Prova de An\u00e1lise de Curr\u00edculo &#8211; Retifica\u00e7\u00e3o: <a href=\"https:\/\/dcc.ufpr.br\/wp-content\/uploads\/2024\/03\/Edital_03_AnaliseCurriculo_retificacao.pdf\">Resultado<\/a><\/p>\r\n<!-- \/wp:paragraph -->\r\n\r\n<!-- wp:paragraph -->\r\n<p>Edital 03 &#8211; Prova de An\u00e1lise de Curr\u00edculo &#8211; Retifica\u00e7\u00e3o 02: <a href=\"https:\/\/dcc.ufpr.br\/wp-content\/uploads\/2024\/03\/Edital_03_AnaliseCurriculo_retificacao2.pdf\">Resultado<\/a><\/p>\r\n<!-- \/wp:paragraph -->\r\n\r\n<!-- wp:paragraph -->\r\n<p>Edital 04 &#8211; Sorteio de Pontos: <a href=\"https:\/\/dcc.ufpr.br\/wp-content\/uploads\/2024\/03\/Edital_04_SorteioPontos.pdf\">Resultado<\/a><\/p>\r\n<!-- \/wp:paragraph -->\r\n\r\n<!-- wp:paragraph -->\r\n<p>Edital 05 &#8211; Resultado Final: <a href=\"https:\/\/dcc.ufpr.br\/wp-content\/uploads\/2024\/03\/Edital_05_ResultadoFinal.pdf\">Resultado<\/a><\/p>\r\n<!-- \/wp:paragraph -->\r\n\r\n<!-- wp:paragraph -->\r\n<p>.<\/p>\r\n<!-- \/wp:paragraph -->\r\n\r\n<!-- wp:table -->\r\n<figure class=\"wp-block-table\">\r\n<table>\r\n<tbody>\r\n<tr>\r\n<td>EDITAL<\/td>\r\n<td>\u00c1REA DE CONHECIMENTO<\/td>\r\n<td>PER\u00cdODO DE INSCRI\u00c7\u00d5ES<\/td>\r\n<td>SETOR<\/td>\r\n<\/tr>\r\n<tr>\r\n<td><a href=\"https:\/\/dcc.ufpr.br\/wp-content\/uploads\/2023\/05\/edital129-23.pdf\">Edital 129\/2023<\/a><\/td>\r\n<td><a href=\"https:\/\/dcc.ufpr.br\/wp-content\/uploads\/2023\/05\/edital129-23.pdf\"><strong>Estruturas<\/strong><\/a><\/td>\r\n<td><a href=\"https:\/\/dcc.ufpr.br\/wp-content\/uploads\/2023\/05\/edital129-23.pdf\"><strong>29\/05\/2023 a 12\/06\/2023<\/strong><\/a><\/td>\r\n<td><a href=\"https:\/\/dcc.ufpr.br\/wp-content\/uploads\/2023\/05\/edital129-23.pdf\"><strong>Tecnologia<\/strong><\/a><\/td>\r\n<\/tr>\r\n<\/tbody>\r\n<\/table>\r\n<\/figure>\r\n<!-- \/wp:table -->\r\n\r\n<!-- wp:paragraph -->\r\n<p><strong>Setor: Tecnologia<\/strong><br \/><strong>Departamento:\u202fConstru\u00e7\u00e3o Civil<\/strong><br \/><strong>\u00c1rea de Conhecimento: Estruturas<br \/>Mat\u00e9ria Espec\u00edfica: Mec\u00e2nica Geral: Est\u00e1tica e Din\u00e2mica &#8211; Resist\u00eancia dos Materiais.<br \/><\/strong><\/p>\r\n<!-- \/wp:paragraph -->\r\n\r\n<!-- wp:paragraph -->\r\n<p>Processo: 23075.027380\/2023-56<\/p>\r\n<!-- \/wp:paragraph -->\r\n\r\n<!-- wp:list -->\r\n<ul><!-- wp:list-item -->\r\n<li>N\u00famero de vagas: 01 (uma)<\/li>\r\n<!-- \/wp:list-item -->\r\n\r\n<!-- wp:list-item -->\r\n<li>Regime de Trabalho: 40 (quarenta) horas semanais<\/li>\r\n<!-- \/wp:list-item -->\r\n\r\n<!-- wp:list-item -->\r\n<li>Titula\u00e7\u00e3o M\u00ednima Exigida: Gradua\u00e7\u00e3o em Engenharia Civil, com Mestrado em Engenharia Civil ou Estruturas ou \u00e1reas afins, obtidos na forma da lei.<\/li>\r\n<!-- \/wp:list-item -->\r\n\r\n<!-- wp:list-item -->\r\n<li>Tipos de Provas: An\u00e1lise de Curr\u00edculo e Prova Did\u00e1tica. Sendo a prova did\u00e1tica realizada de forma presencial.<\/li>\r\n<!-- \/wp:list-item -->\r\n\r\n<!-- wp:list-item -->\r\n<li>Per\u00edodo das inscri\u00e7\u00f5es:\u202f\u202f29\/05\/2023 a 12\/06\/2023<\/li>\r\n<!-- \/wp:list-item --><\/ul>\r\n<!-- \/wp:list -->\r\n\r\n<!-- wp:paragraph -->\r\n<p>Site PROGEPE\/UFPR (Informa\u00e7\u00f5es\/Editais\/Requerimento Inscri\u00e7\u00e3o\/Guia Recolhimento): <a href=\"http:\/\/progepe.ufpr.br\/progepe\/concursos\/docente\/concursos_publicos\/testes_seletivos.html\" target=\"_blank\" rel=\"noopener\">Progepe &#8211; Testes Seletivos<\/a><\/p>\r\n<!-- \/wp:paragraph -->\r\n\r\n<!-- wp:paragraph -->\r\n<p>Edital Publica\u00e7\u00e3o em Di\u00e1rio Oficial: <a href=\"https:\/\/dcc.ufpr.br\/wp-content\/uploads\/2023\/05\/Ed_127_128_e_129_2023.pdf\">129\/2023 &#8211; DOU<\/a><\/p>\r\n<!-- \/wp:paragraph -->\r\n\r\n<!-- wp:paragraph -->\r\n<p>Edital Retifica\u00e7\u00e3o Per\u00edodo Inscri\u00e7\u00f5es: <a href=\"https:\/\/dcc.ufpr.br\/wp-content\/uploads\/2023\/05\/Ed_137__138_e_139_de_2023.pdf\">138\/2023 &#8211; DOU<\/a><\/p>\r\n<!-- \/wp:paragraph -->\r\n\r\n<!-- wp:paragraph -->\r\n<p>Conte\u00fado Program\u00e1tico &#8211; Pontos: <a href=\"https:\/\/dcc.ufpr.br\/wp-content\/uploads\/2023\/05\/Ementa_DCC_Substituto-Estrut-2023.pdf\">Ementa<\/a><\/p>\r\n<!-- \/wp:paragraph -->\r\n\r\n<!-- wp:paragraph -->\r\n<p>Edital 01 &#8211; Resultado Homologa\u00e7\u00e3o Inscri\u00e7\u00f5es: <a href=\"https:\/\/dcc.ufpr.br\/wp-content\/uploads\/2023\/06\/Edital_01_homologa\u00e7\u00e3o_inscri\u00e7\u00f5es.pdf\">Edital 01<\/a><\/p>\r\n<!-- \/wp:paragraph -->\r\n\r\n<!-- wp:paragraph -->\r\n<p>Cronograma: <a href=\"https:\/\/dcc.ufpr.br\/wp-content\/uploads\/2023\/06\/Cronograma.pdf\">Cronograma<\/a><\/p>\r\n<!-- \/wp:paragraph -->\r\n\r\n<!-- wp:paragraph -->\r\n<p>Edital 02 &#8211; Resultado An\u00e1lise de Curr\u00edculo: <a href=\"https:\/\/dcc.ufpr.br\/wp-content\/uploads\/2023\/06\/Edital_02_resultado_analise_curriculo.pdf\">Edital 02<\/a><\/p>\r\n<!-- \/wp:paragraph -->\r\n\r\n<!-- wp:paragraph -->\r\n<p>Edital 03 &#8211; Sorteio do Ponto: <a href=\"https:\/\/dcc.ufpr.br\/wp-content\/uploads\/2023\/06\/Edital_03_sorteio_ponto.pdf\">Edital 03<\/a><\/p>\r\n<!-- \/wp:paragraph -->\r\n\r\n<!-- wp:paragraph -->\r\n<p>Edital 04 &#8211; Resultado Final: <a href=\"https:\/\/dcc.ufpr.br\/wp-content\/uploads\/2023\/06\/Edital_04_resultado_final.pdf\">Edital 04<\/a><\/p>\r\n<!-- \/wp:paragraph -->\r\n\r\n<!-- wp:heading {\"level\":1} -->\r\n<h1 class=\"wp-block-heading\">Concursos para professor efetivo<\/h1>\r\n<!-- \/wp:heading -->\r\n\r\n<!-- wp:table -->\r\n<figure class=\"wp-block-table\">\r\n<table>\r\n<tbody>\r\n<tr>\r\n<td>EDITAL<\/td>\r\n<td>\u00c1REA DE CONHECIMENTO<\/td>\r\n<td>PER\u00cdODO DE INSCRI\u00c7\u00d5ES<\/td>\r\n<td>SETOR<\/td>\r\n<\/tr>\r\n<tr>\r\n<td><a href=\"https:\/\/dcc.ufpr.br\/wp-content\/uploads\/2022\/04\/Edital-82-22.pdf\"><strong>Edital 82\/2022<\/strong><\/a><\/td>\r\n<td><a href=\"https:\/\/dcc.ufpr.br\/wp-content\/uploads\/2022\/04\/Edital-82-22.pdf\" target=\"_blank\" rel=\"noopener\"><strong>Estruturas<\/strong><\/a><\/td>\r\n<td><a href=\"https:\/\/dcc.ufpr.br\/wp-content\/uploads\/2022\/04\/Edital-82-22.pdf\"><strong>04\/04\/2022 a 03\/05\/2022<\/strong><\/a><\/td>\r\n<td><a href=\"https:\/\/dcc.ufpr.br\/wp-content\/uploads\/2022\/04\/Edital-82-22.pdf\" target=\"_blank\" rel=\"noopener\"><strong>Tecnologia<\/strong><\/a><\/td>\r\n<\/tr>\r\n<\/tbody>\r\n<\/table>\r\n<\/figure>\r\n<!-- \/wp:table -->\r\n\r\n<!-- wp:heading {\"level\":4} -->\r\n<h4 class=\"wp-block-heading\">Concurso p\u00fablico Assistente A &#8211; 20h &#8211; Estruturas, edital\u00a0n\u00ba 82\/22 &#8211; PROGEPE<\/h4>\r\n<!-- \/wp:heading -->\r\n\r\n<!-- wp:paragraph -->\r\n<p><strong>Setor: Tecnologia<\/strong><br \/><strong>Departamento:\u202fConstru\u00e7\u00e3o Civil<\/strong><br \/><strong>\u00c1rea de Conhecimento: Estruturas<\/strong><\/p>\r\n<!-- \/wp:paragraph -->\r\n\r\n<!-- wp:paragraph -->\r\n<p>Processo: 23075.068079\/2018-35<\/p>\r\n<!-- \/wp:paragraph -->\r\n\r\n<!-- wp:list -->\r\n<ul><!-- wp:list-item -->\r\n<li>N\u00famero de vagas: 01 (uma)<\/li>\r\n<!-- \/wp:list-item -->\r\n\r\n<!-- wp:list-item -->\r\n<li>Classe: A<br \/>Denomina\u00e7\u00e3o: Assistente A<br \/>N\u00edvel: 1<br \/>Regime de Trabalho: 20 (vinte) horas semanais<\/li>\r\n<!-- \/wp:list-item -->\r\n\r\n<!-- wp:list-item -->\r\n<li>Titula\u00e7\u00e3o M\u00ednima Exigida: Gradua\u00e7\u00e3o em Engenharia Civil: com Mestrado em Engenharia Civil, ou Mestrado em Estruturas, ou Mestrado em M\u00e9todos Num\u00e9ricos Aplicados \u00e0 Engenharia, obtidos na forma da lei.<\/li>\r\n<!-- \/wp:list-item -->\r\n\r\n<!-- wp:list-item -->\r\n<li>Tipos de Provas: Escrita \u2013 realizada de forma presencial; Did\u00e1tica \u2013 realizada de forma presencial; An\u00e1lise de Curr\u00edculo \u2010 realizada de forma presencial; Defesa do Curr\u00edculo e de Projeto de Pesquisa \u2013 realizada de forma presencial.<\/li>\r\n<!-- \/wp:list-item -->\r\n\r\n<!-- wp:list-item -->\r\n<li>Per\u00edodo das inscri\u00e7\u00f5es:\u202f\u202f04\/04\/2022 a 03\/05\/2022<\/li>\r\n<!-- \/wp:list-item --><\/ul>\r\n<!-- \/wp:list -->\r\n\r\n<!-- wp:paragraph -->\r\n<p>Site PROGEPE\/UFPR (Informa\u00e7\u00f5es\/Editais\/Requerimento Inscri\u00e7\u00e3o\/Guia Recolhimento): <a href=\"http:\/\/www.progepe.ufpr.br\/progepe\/concursos\/docente\/concursos_publicos\/concursos.html\" target=\"_blank\" rel=\"noopener\">Progepe &#8211; Concursos<\/a><\/p>\r\n<!-- \/wp:paragraph -->\r\n\r\n<!-- wp:paragraph -->\r\n<p>Conte\u00fado Program\u00e1tico &#8211; Pontos: <a href=\"https:\/\/dcc.ufpr.br\/wp-content\/uploads\/2022\/04\/Ementa_Estrutura.pdf\">Ementa Estruturas<\/a><\/p>\r\n<!-- \/wp:paragraph -->\r\n\r\n<!-- wp:paragraph -->\r\n<p>Edital &#8211; Homologa\u00e7\u00e3o Inscri\u00e7\u00f5es:\u00a0<a href=\"https:\/\/dcc.ufpr.br\/wp-content\/uploads\/2022\/05\/Edital_08-22_TC_Homologa\u00e7\u00e3o_Inscri\u00e7\u00f5es.pdf\">Edital 08\/2022 &#8211; TC &#8211; Homologa\u00e7\u00e3o das Inscri\u00e7\u00f5es<\/a><\/p>\r\n<!-- \/wp:paragraph -->\r\n\r\n<!-- wp:paragraph -->\r\n<p>Edital &#8211; Banca Examinadora e In\u00edcio do Concurso (23\/05\/2022): <a href=\"https:\/\/dcc.ufpr.br\/wp-content\/uploads\/2022\/05\/Edital_19_TC_Banca_Examinadora_In\u00edcio.pdf\">Edital 19\/TC &#8211; Banca Examinadora &#8211; In\u00edcio Concurso<\/a><\/p>\r\n<!-- \/wp:paragraph -->\r\n\r\n<!-- wp:paragraph -->\r\n<p>Informa\u00e7\u00f5es e Cronograma: <a href=\"https:\/\/dcc.ufpr.br\/wp-content\/uploads\/2022\/05\/Informa\u00e7\u00f5es_comp_atual.pdf\">Informa\u00e7\u00f5es e Cronograma<\/a><\/p>\r\n<!-- \/wp:paragraph -->\r\n\r\n<!-- wp:paragraph -->\r\n<p>Edital 01 &#8211; Resultado Prova Escrita e Convoca\u00e7\u00e3o Sorteio Ponto: <a href=\"https:\/\/dcc.ufpr.br\/wp-content\/uploads\/2022\/05\/Edital_01.pdf\">Resultado Escrita<\/a><\/p>\r\n<!-- \/wp:paragraph -->\r\n\r\n<!-- wp:paragraph -->\r\n<p>Edital 02 &#8211; Resultado do sorteio de pontos para Prova Did\u00e1tica: <a href=\"https:\/\/dcc.ufpr.br\/wp-content\/uploads\/2022\/05\/Edital_02.pdf\">Resultado Sorteio Pontos Did\u00e1tica<\/a><\/p>\r\n<!-- \/wp:paragraph -->\r\n\r\n<!-- wp:paragraph -->\r\n<p>Edital 03 &#8211; Resultado da Prova Did\u00e1tica e Convoca\u00e7\u00e3o Defesa do Curr\u00edculo: <a href=\"https:\/\/dcc.ufpr.br\/wp-content\/uploads\/2022\/05\/Edital_03.pdf\">Resultado Prova Did\u00e1tica<\/a><\/p>\r\n<!-- \/wp:paragraph -->\r\n\r\n<!-- wp:paragraph -->\r\n<p>Informa\u00e7\u00e3o sobre o Encerramento: <a href=\"https:\/\/dcc.ufpr.br\/wp-content\/uploads\/2022\/05\/Informa\u00e7\u00e3o_encerramento.pdf\">Informa\u00e7\u00e3o Encerramento<\/a><\/p>\r\n<!-- \/wp:paragraph -->\r\n\r\n<!-- wp:paragraph -->\r\n<p>Edital 04 &#8211; Resultado Final: <a href=\"https:\/\/dcc.ufpr.br\/wp-content\/uploads\/2022\/05\/Edital_04.pdf\">Resultado Final<\/a><\/p>\r\n<!-- \/wp:paragraph -->\r\n\r\n<!-- wp:table -->\r\n<figure class=\"wp-block-table\">\r\n<table>\r\n<tbody>\r\n<tr>\r\n<td>EDITAL<\/td>\r\n<td>\u00c1REA DE CONHECIMENTO<\/td>\r\n<td>PER\u00cdODO DE INSCRI\u00c7\u00d5ES<\/td>\r\n<td>SETOR<\/td>\r\n<\/tr>\r\n<tr>\r\n<td><a href=\"https:\/\/dcc.ufpr.br\/wp-content\/uploads\/2022\/02\/edital405-21.pdf\"><strong>Edital 405\/21<\/strong><\/a><\/td>\r\n<td><a href=\"https:\/\/dcc.ufpr.br\/wp-content\/uploads\/2022\/02\/edital405-21.pdf\" target=\"_blank\" rel=\"noopener\"><strong>Geotecnia<\/strong><\/a><\/td>\r\n<td><a href=\"https:\/\/dcc.ufpr.br\/wp-content\/uploads\/2022\/02\/edital405-21.pdf\"><strong>24\/01\/2022 a 22\/02\/2022<\/strong><\/a><\/td>\r\n<td><a href=\"https:\/\/dcc.ufpr.br\/wp-content\/uploads\/2022\/02\/edital405-21.pdf\" target=\"_blank\" rel=\"noopener\"><strong>Tecnologia<\/strong><\/a><\/td>\r\n<\/tr>\r\n<\/tbody>\r\n<\/table>\r\n<\/figure>\r\n<!-- \/wp:table -->\r\n\r\n<!-- wp:heading {\"level\":4} -->\r\n<h4 class=\"wp-block-heading\">Concurso p\u00fablico Adjunto A &#8211; 20h &#8211; Geotecnia, edital\u00a0n\u00ba 405\/21 &#8211; PROGEPE<\/h4>\r\n<!-- \/wp:heading -->\r\n\r\n<!-- wp:paragraph -->\r\n<p><strong>Setor: Tecnologia<\/strong><br \/><strong>Departamento:\u202fConstru\u00e7\u00e3o Civil<\/strong><br \/><strong>\u00c1rea de Conhecimento: Geotecnia<\/strong><\/p>\r\n<!-- \/wp:paragraph -->\r\n\r\n<!-- wp:paragraph -->\r\n<p>Processo: 23075.030350\/2021\u201065<\/p>\r\n<!-- \/wp:paragraph -->\r\n\r\n<!-- wp:list -->\r\n<ul><!-- wp:list-item -->\r\n<li>N\u00famero de vagas: 01 (uma)<\/li>\r\n<!-- \/wp:list-item -->\r\n\r\n<!-- wp:list-item -->\r\n<li>Classe: A<br \/>Denomina\u00e7\u00e3o: Adjunto A<br \/>N\u00edvel: 1<br \/>Regime de Trabalho: 20 (vinte) horas semanais<\/li>\r\n<!-- \/wp:list-item -->\r\n\r\n<!-- wp:list-item -->\r\n<li>Titula\u00e7\u00e3o M\u00ednima Exigida: Gradua\u00e7\u00e3o em Engenharia Civil ou Gradua\u00e7\u00e3o em Engenharia de Produ\u00e7\u00e3o Civil, com Doutorado em Geotecnia, ou Doutorado em Engenharia Civil, ou Doutorado em Engenharia, ou Doutorado em M\u00e9todos Num\u00e9ricos Aplicados \u00e0 Engenharia ou Doutorado em Engenharia de Constru\u00e7\u00e3o Civil, obtidos na forma da lei.<\/li>\r\n<!-- \/wp:list-item -->\r\n\r\n<!-- wp:list-item -->\r\n<li>Tipos de Provas: Escrita \u2013 realizada de forma presencial; Did\u00e1tica \u2013 realizada de forma presencial; An\u00e1lise de Curr\u00edculo \u2010 realizada de forma presencial; Defesa do Curr\u00edculo e de Projeto de Pesquisa \u2013 realizada de forma presencial.<\/li>\r\n<!-- \/wp:list-item -->\r\n\r\n<!-- wp:list-item -->\r\n<li>Per\u00edodo das inscri\u00e7\u00f5es:\u202f\u202f24\/01\/2022 a 22\/02\/2022<\/li>\r\n<!-- \/wp:list-item --><\/ul>\r\n<!-- \/wp:list -->\r\n\r\n<!-- wp:paragraph -->\r\n<p>Site PROGEPE\/UFPR (Informa\u00e7\u00f5es\/Editais\/Requerimento Inscri\u00e7\u00e3o\/Guia Recolhimento): <a href=\"http:\/\/www.progepe.ufpr.br\/progepe\/concursos\/docente\/concursos_publicos\/concursos.html\" target=\"_blank\" rel=\"noopener\">Progepe &#8211; Concursos<\/a><\/p>\r\n<!-- \/wp:paragraph -->\r\n\r\n<!-- wp:paragraph -->\r\n<p>Conte\u00fado Program\u00e1tico &#8211; Pontos: <a href=\"https:\/\/dcc.ufpr.br\/wp-content\/uploads\/2022\/02\/Ementa.pdf\">Ementa Geotecnia 405\/21<\/a><\/p>\r\n<!-- \/wp:paragraph -->\r\n\r\n<!-- wp:paragraph -->\r\n<p>Edital &#8211; Homologa\u00e7\u00e3o Inscri\u00e7\u00f5es:\u00a0<a href=\"https:\/\/dcc.ufpr.br\/wp-content\/uploads\/2022\/03\/edital_tc03-22_homolog.pdf\">Edital 03\/2022-TC &#8211; Homologa\u00e7\u00e3o Inscri\u00e7\u00f5es<\/a><\/p>\r\n<!-- \/wp:paragraph -->\r\n\r\n<!-- wp:paragraph -->\r\n<p>Edital &#8211; Comiss\u00e3o Julgadora e Defini\u00e7\u00e3o Data de In\u00edcio: <a href=\"https:\/\/dcc.ufpr.br\/wp-content\/uploads\/2022\/04\/Portaria_Julgadora_Abertura.pdf\">Edital 05\/2022-TC &#8211; Comiss\u00e3o Julgadora \/ In\u00edcio<\/a><\/p>\r\n<!-- \/wp:paragraph -->\r\n\r\n<!-- wp:paragraph -->\r\n<p>Cronograma: <a href=\"https:\/\/dcc.ufpr.br\/wp-content\/uploads\/2022\/05\/Cronograma_Concurso_2022.pdf\">Cronograma Geotecnia<\/a><\/p>\r\n<!-- \/wp:paragraph -->\r\n\r\n<!-- wp:paragraph -->\r\n<p>Edital -Resultado da Prova Escrita: <a href=\"https:\/\/dcc.ufpr.br\/wp-content\/uploads\/2022\/05\/Edital_02_Resultado_Prova_Escrita.pdf\">Edital 02 &#8211; Resultado Prova Escrita<\/a><\/p>\r\n<!-- \/wp:paragraph -->\r\n\r\n<!-- wp:paragraph -->\r\n<p>Edital -Resultado da Prova Did\u00e1tica: <a href=\"https:\/\/dcc.ufpr.br\/wp-content\/uploads\/2022\/05\/Edital_03_Resultado_Did\u00e1tica.pdf\">Edital 03 &#8211; Resultado Prova Did\u00e1tica<\/a><\/p>\r\n<!-- \/wp:paragraph -->\r\n\r\n<!-- wp:paragraph -->\r\n<p>Edital -Resultado Final: <a href=\"https:\/\/dcc.ufpr.br\/wp-content\/uploads\/2022\/05\/Edital_04_Resultado_Final.pdf\">Edital 04 &#8211; Resultado Final<\/a><\/p>\r\n<!-- \/wp:paragraph -->\r\n\r\n<!-- wp:table -->\r\n<figure class=\"wp-block-table\">\r\n<table>\r\n<tbody>\r\n<tr>\r\n<td>EDITAL<\/td>\r\n<td>\u00c1REA DE CONHECIMENTO<\/td>\r\n<td>PER\u00cdODO DE INSCRI\u00c7\u00d5ES<\/td>\r\n<td>SETOR<\/td>\r\n<\/tr>\r\n<tr>\r\n<td><a href=\"https:\/\/dcc.ufpr.br\/wp-content\/uploads\/2021\/03\/Edital_113_20_Progepe.pdf\">Edital 113\/20<\/a><\/td>\r\n<td><a href=\"https:\/\/dcc.ufpr.br\/wp-content\/uploads\/2021\/03\/Edital_113_20_Progepe.pdf\" target=\"_blank\" rel=\"noopener\">Estruturas<\/a><\/td>\r\n<td><a href=\"https:\/\/dcc.ufpr.br\/wp-content\/uploads\/2021\/03\/Edital_113_20_Progepe.pdf\" target=\"_blank\" rel=\"noopener\"><strong>01\/03\/2021 a 30\/03\/2021<\/strong><\/a><\/td>\r\n<td><a href=\"https:\/\/dcc.ufpr.br\/wp-content\/uploads\/2021\/03\/Edital_113_20_Progepe.pdf\" target=\"_blank\" rel=\"noopener\"><strong>Tecnologia<\/strong><\/a><\/td>\r\n<\/tr>\r\n<\/tbody>\r\n<\/table>\r\n<\/figure>\r\n<!-- \/wp:table -->\r\n\r\n<!-- wp:heading {\"level\":4} -->\r\n<h4 class=\"wp-block-heading\">Concurso p\u00fablico Adjunto A &#8211; 20h &#8211; Estruturas, edital\u00a0n\u00ba 113\/20 &#8211; PROGEPE<\/h4>\r\n<!-- \/wp:heading -->\r\n\r\n<!-- wp:paragraph -->\r\n<p>1.14 \u2013 Setor: Tecnologia<br \/>1.14.1 \u2013 Departamento:\u202fConstru\u00e7\u00e3o Civil<br \/>1.14.1.1 &#8211; \u00c1rea de Conhecimento: Estruturas<\/p>\r\n<!-- \/wp:paragraph -->\r\n\r\n<!-- wp:paragraph -->\r\n<p>Processo: 23075.068079\/2018-35<\/p>\r\n<!-- \/wp:paragraph -->\r\n\r\n<!-- wp:list -->\r\n<ul><!-- wp:list-item -->\r\n<li>N\u00famero de vagas: 01 (uma)\u202f- ESTA VAGA EST\u00c1 PREFERENCIALMENTE RESERVADA A CANDIDATOS COTISTAS NEGROS CONFORME SORTEIO REALIZADO EM 22\/12\/2020<\/li>\r\n<!-- \/wp:list-item -->\r\n\r\n<!-- wp:list-item -->\r\n<li>N\u00famero limite de candidatos habilitados: 05<br \/>Classe: A<br \/>Denomina\u00e7\u00e3o: Adjunto A<br \/>N\u00edvel: 1<br \/>Regime de Trabalho: 20 (vinte) horas semanais<\/li>\r\n<!-- \/wp:list-item -->\r\n\r\n<!-- wp:list-item -->\r\n<li>Titula\u00e7\u00e3o M\u00ednima Exigida: Gradua\u00e7\u00e3o em Engenharia Civil COM Doutorado em Engenharia Civil, ou Doutorado em Estruturas, ou Doutorado em M\u00e9todos Num\u00e9ricos Aplicados \u00e0 Engenharia, obtidos na forma da lei.<\/li>\r\n<!-- \/wp:list-item -->\r\n\r\n<!-- wp:list-item -->\r\n<li>Tipos de Provas: Escrita (classificat\u00f3ria e eliminat\u00f3ria),\u202fDid\u00e1tica (classificat\u00f3ria e eliminat\u00f3ria), An\u00e1lise de Curr\u00edculo (classificat\u00f3ria) e Defesa do Curr\u00edculo e de Projeto de Pesquisa (classificat\u00f3ria).<\/li>\r\n<!-- \/wp:list-item -->\r\n\r\n<!-- wp:list-item -->\r\n<li>Para a prova de Defesa do Curr\u00edculo e de Projeto de Pesquisa, os candidatos dever\u00e3o apresentar proposta de projeto de pesquisa na \u00e1rea de conhecimento do concurso, conforme item 8.5 do presente edital.<\/li>\r\n<!-- \/wp:list-item -->\r\n\r\n<!-- wp:list-item -->\r\n<li>Anteriormente \u00e0 realiza\u00e7\u00e3o das provas, ser\u00e1 publicado edital complementar especificando a forma como ser\u00e3o realizadas as provas e os demais procedimentos do concurso, podendo ocorrer de forma presencial ou remotas.<\/li>\r\n<!-- \/wp:list-item -->\r\n\r\n<!-- wp:list-item -->\r\n<li>Per\u00edodo prov\u00e1vel para realiza\u00e7\u00e3o das provas: Segunda\u202fquinzena de\u202fmaio\u202fde 2021, devendo o respectivo setor divulgar em edital, as datas, locais e hor\u00e1rios de realiza\u00e7\u00e3o das provas.<\/li>\r\n<!-- \/wp:list-item -->\r\n\r\n<!-- wp:list-item -->\r\n<li>Taxa de Inscri\u00e7\u00e3o: R$ 88,00<\/li>\r\n<!-- \/wp:list-item -->\r\n\r\n<!-- wp:list-item -->\r\n<li>Forma de realiza\u00e7\u00e3o das inscri\u00e7\u00f5es: Os e-mails para as inscri\u00e7\u00f5es est\u00e3o especificados no item 4.1.17 do presente edital, de acordo com o respectivo setor.<\/li>\r\n<!-- \/wp:list-item -->\r\n\r\n<!-- wp:list-item -->\r\n<li>Per\u00edodo das inscri\u00e7\u00f5es:\u202f\u202f01\/03\/2021 a 30\/03\/2021<\/li>\r\n<!-- \/wp:list-item --><\/ul>\r\n<!-- \/wp:list -->\r\n\r\n<!-- wp:paragraph -->\r\n<p>Conte\u00fado Program\u00e1tico &#8211; Pontos: <a href=\"https:\/\/dcc.ufpr.br\/wp-content\/uploads\/2021\/03\/Ementa_Estrutura.pdf\">Ementa_Estrutura<\/a><\/p>\r\n<!-- \/wp:paragraph -->\r\n\r\n<!-- wp:paragraph -->\r\n<p>Edital &#8211; Homologa\u00e7\u00e3o Inscri\u00e7\u00f5es: <a href=\"https:\/\/dcc.ufpr.br\/wp-content\/uploads\/2021\/04\/Edital_05_Homologa\u00e7\u00e3o_Estruturas.pdf\"> Edital &#8211; Homologa\u00e7\u00e3o Inscri\u00e7\u00f5es &#8211; Estruturas<\/a><\/p>\r\n<!-- \/wp:paragraph -->\r\n\r\n<!-- wp:paragraph -->\r\n<p>Edital &#8211; Retifica\u00e7\u00e3o Homologa\u00e7\u00e3o Inscri\u00e7\u00f5es (n\u00ba do Edital): <a href=\"https:\/\/dcc.ufpr.br\/wp-content\/uploads\/2021\/04\/Edital_06_Retifica\u00e7\u00e3oHomologa\u00e7\u00e3o_Estruturas.pdf\">Edital &#8211; Retifica\u00e7\u00e3o Homologa\u00e7\u00e3o Inscri\u00e7\u00f5es<\/a><\/p>\r\n<!-- \/wp:paragraph -->\r\n\r\n<!-- wp:paragraph -->\r\n<p>Edital &#8211; Resultado quanto aos Recursos relativos \u00e0 Homologa\u00e7\u00e3o Inscri\u00e7\u00f5es: <a href=\"https:\/\/dcc.ufpr.br\/wp-content\/uploads\/2021\/04\/Edital_apos_recurso_Estruturas.pdf\">Edital Resultado Recursos Inscri\u00e7\u00f5es Estruturas<\/a><\/p>\r\n<!-- \/wp:paragraph -->\r\n\r\n<!-- wp:paragraph -->\r\n<p>Informa\u00e7\u00e3o &#8211; Prorroga\u00e7\u00e3o do Per\u00edodo Prov\u00e1vel de Provas &#8211; <strong>2\u00aa quinzena de Junho de 2021<\/strong>: <a href=\"https:\/\/dcc.ufpr.br\/wp-content\/uploads\/2021\/05\/Informacao_provas_Estruturas.pdf\">Informa\u00e7\u00e3o Prorroga\u00e7\u00e3o Per\u00edodo Prov\u00e1vel Provas<\/a><\/p>\r\n<!-- \/wp:paragraph -->\r\n\r\n<!-- wp:paragraph -->\r\n<p>Edital &#8211; Banca Examinadora e <strong>Cronograma do Concurso (in\u00edcio 30\/08\/2021)<\/strong>: <a href=\"https:\/\/dcc.ufpr.br\/wp-content\/uploads\/2021\/08\/Edital_12-21_TC.pdf\">Edital 12\/2021-TC &#8211; Banca Examinadora e Cronograma<\/a><\/p>\r\n<!-- \/wp:paragraph -->\r\n\r\n<!-- wp:table -->\r\n<figure class=\"wp-block-table\">\r\n<table>\r\n<tbody>\r\n<tr>\r\n<td>EDITAL<\/td>\r\n<td>\u00c1REA DE CONHECIMENTO<\/td>\r\n<td>PER\u00cdODO DE INSCRI\u00c7\u00d5ES<\/td>\r\n<td>SETOR<\/td>\r\n<\/tr>\r\n<tr>\r\n<td><a href=\"https:\/\/dcc.ufpr.br\/wp-content\/uploads\/2021\/03\/Edital_113_20_Progepe.pdf\">Edital 113\/20<\/a><\/td>\r\n<td><a href=\"https:\/\/dcc.ufpr.br\/wp-content\/uploads\/2021\/03\/Edital_113_20_Progepe.pdf\" target=\"_blank\" rel=\"noopener\">Constru\u00e7\u00e3o Civil<\/a><\/td>\r\n<td><a href=\"https:\/\/dcc.ufpr.br\/wp-content\/uploads\/2021\/03\/Edital_113_20_Progepe.pdf\" target=\"_blank\" rel=\"noopener\"><strong>01\/03\/2021 a 30\/03\/2021<\/strong><\/a><\/td>\r\n<td><a href=\"https:\/\/dcc.ufpr.br\/wp-content\/uploads\/2021\/03\/Edital_113_20_Progepe.pdf\" target=\"_blank\" rel=\"noopener\"><strong>Tecnologia<\/strong><\/a><\/td>\r\n<\/tr>\r\n<\/tbody>\r\n<\/table>\r\n<\/figure>\r\n<!-- \/wp:table -->\r\n\r\n<!-- wp:heading {\"level\":4} -->\r\n<h4 class=\"wp-block-heading\">Concurso p\u00fablico Adjunto A &#8211; 20h &#8211; Constru\u00e7\u00e3o Civil, edital\u00a0n\u00ba 113\/20 &#8211; PROGEPE<\/h4>\r\n<!-- \/wp:heading -->\r\n\r\n<!-- wp:paragraph -->\r\n<p>1.14 \u2013 Setor: Tecnologia<br \/>1.14.1 \u2013 Departamento:\u202fConstru\u00e7\u00e3o Civil<br \/>1.14.1.2- \u00c1rea de Conhecimento:\u202fConstru\u00e7\u00e3o Civil<\/p>\r\n<!-- \/wp:paragraph -->\r\n\r\n<!-- wp:paragraph -->\r\n<p>Processo: 23075.021709\/2020-22<\/p>\r\n<!-- \/wp:paragraph -->\r\n\r\n<!-- wp:list -->\r\n<ul><!-- wp:list-item -->\r\n<li>N\u00famero de vagas: 01 (uma)<\/li>\r\n<!-- \/wp:list-item -->\r\n\r\n<!-- wp:list-item -->\r\n<li>N\u00famero limite de candidatos habilitados: 05<\/li>\r\n<!-- \/wp:list-item -->\r\n\r\n<!-- wp:list-item -->\r\n<li>Classe: A<\/li>\r\n<!-- \/wp:list-item -->\r\n\r\n<!-- wp:list-item -->\r\n<li>Denomina\u00e7\u00e3o: Adjunto A<\/li>\r\n<!-- \/wp:list-item -->\r\n\r\n<!-- wp:list-item -->\r\n<li>N\u00edvel: 1<\/li>\r\n<!-- \/wp:list-item -->\r\n\r\n<!-- wp:list-item -->\r\n<li>Regime de Trabalho: 20 (vinte) horas semanais<\/li>\r\n<!-- \/wp:list-item -->\r\n\r\n<!-- wp:list-item -->\r\n<li>Titula\u00e7\u00e3o M\u00ednima Exigida:\u202f\u202fGradua\u00e7\u00e3o em Engenharia Civil ou Gradua\u00e7\u00e3o em Engenharia de Produ\u00e7\u00e3o Civil,\u202fCOM\u202fDoutorado em Engenharia de Constru\u00e7\u00e3o Civil ou Doutorado em Engenharia Civil com \u00eanfase em Constru\u00e7\u00e3o Civil,\u202fobtidos na forma da lei.<\/li>\r\n<!-- \/wp:list-item -->\r\n\r\n<!-- wp:list-item -->\r\n<li>Tipos de Provas: Escrita (classificat\u00f3ria e eliminat\u00f3ria),\u202fDid\u00e1tica (classificat\u00f3ria e eliminat\u00f3ria),\u202fAn\u00e1lise de Curr\u00edculo (classificat\u00f3ria) e Defesa do Curr\u00edculo e de Projeto de Pesquisa (classificat\u00f3ria).<\/li>\r\n<!-- \/wp:list-item -->\r\n\r\n<!-- wp:list-item -->\r\n<li>Para a prova de Defesa do Curr\u00edculo e de Projeto de Pesquisa, os candidatos dever\u00e3o apresentar proposta de projeto de pesquisa na \u00e1rea de conhecimento do concurso, conforme item 8.5 do presente edital.<\/li>\r\n<!-- \/wp:list-item -->\r\n\r\n<!-- wp:list-item -->\r\n<li>Anteriormente \u00e0 realiza\u00e7\u00e3o das provas, ser\u00e1 publicado edital complementar especificando a forma como ser\u00e3o realizadas as provas e os demais procedimentos do concurso, podendo ocorrer de forma presencial ou remotas.<\/li>\r\n<!-- \/wp:list-item -->\r\n\r\n<!-- wp:list-item -->\r\n<li>Per\u00edodo prov\u00e1vel para realiza\u00e7\u00e3o das provas:\u202fPrimeira\u202fquinzena de\u202fjunho\u202fde 2021, devendo o respectivo setor divulgar em edital, as datas, locais e hor\u00e1rios de realiza\u00e7\u00e3o das provas.<\/li>\r\n<!-- \/wp:list-item -->\r\n\r\n<!-- wp:list-item -->\r\n<li>Taxa de Inscri\u00e7\u00e3o: R$ 88,00<\/li>\r\n<!-- \/wp:list-item -->\r\n\r\n<!-- wp:list-item -->\r\n<li>Forma de realiza\u00e7\u00e3o das inscri\u00e7\u00f5es: Os e-mails para as inscri\u00e7\u00f5es est\u00e3o especificados no item 4.1.17 do presente edital, de acordo com o respectivo setor.<\/li>\r\n<!-- \/wp:list-item -->\r\n\r\n<!-- wp:list-item -->\r\n<li>Per\u00edodo das inscri\u00e7\u00f5es:\u202f\u202f01\/03\/2021 a 30\/03\/2021<\/li>\r\n<!-- \/wp:list-item --><\/ul>\r\n<!-- \/wp:list -->\r\n\r\n<!-- wp:paragraph -->\r\n<p>Conte\u00fado Program\u00e1tico &#8211; Pontos: <a href=\"https:\/\/dcc.ufpr.br\/wp-content\/uploads\/2021\/03\/Ementa_Constru\u00e7\u00e3o.pdf\">Ementa_Constru\u00e7\u00e3o<\/a><\/p>\r\n<!-- \/wp:paragraph -->\r\n\r\n<!-- wp:paragraph -->\r\n<p>Edital &#8211; Homologa\u00e7\u00e3o Inscri\u00e7\u00f5es: <a href=\"https:\/\/dcc.ufpr.br\/wp-content\/uploads\/2021\/04\/Edital_04_Homologa\u00e7\u00e3o_CCivil.pdf\">Edital &#8211; Homologa\u00e7\u00e3o Inscri\u00e7\u00f5es &#8211; Constru\u00e7\u00e3o Civil<\/a><\/p>\r\n<!-- \/wp:paragraph -->\r\n\r\n<!-- wp:paragraph -->\r\n<p>Edital &#8211; Resultado quanto aos Recursos relativos \u00e0 Homologa\u00e7\u00e3o Inscri\u00e7\u00f5es: <a href=\"https:\/\/dcc.ufpr.br\/wp-content\/uploads\/2021\/04\/Edital_apos_recurso_CCivil.pdf\">Edital Resultado Recurso Inscri\u00e7\u00e3o Constru\u00e7\u00e3o Civil<\/a><\/p>\r\n<!-- \/wp:paragraph -->\r\n\r\n<!-- wp:paragraph -->\r\n<p>Informa\u00e7\u00e3o &#8211; Prorroga\u00e7\u00e3o do Per\u00edodo Prov\u00e1vel de Provas &#8211; <strong>1\u00aa quinzena de Julho de 2021<\/strong>: <a href=\"https:\/\/dcc.ufpr.br\/wp-content\/uploads\/2021\/05\/Informacao_provas_CCivil.pdf\">Informa\u00e7\u00e3o Prorroga\u00e7\u00e3o Per\u00edodo Prov\u00e1vel Provas<\/a><\/p>\r\n<!-- \/wp:paragraph -->\r\n\r\n<!-- wp:paragraph -->\r\n<p>Edital Complementar n\u00ba 251\/21 &#8211; Defini\u00e7\u00e3o dos <strong>Tipos de Provas<\/strong>: <a href=\"https:\/\/dcc.ufpr.br\/wp-content\/uploads\/2021\/08\/Ed_251_21_DOU.pdf\">Edital Complementar 251\/21 &#8211; DOU<\/a><\/p>\r\n<!-- \/wp:paragraph -->\r\n\r\n<!-- wp:paragraph -->\r\n<p>Edital &#8211; Comiss\u00e3o Julgadora e <strong>Data de In\u00edcio do Concurso (16\/08\/2021)<\/strong>: <a href=\"https:\/\/dcc.ufpr.br\/wp-content\/uploads\/2021\/08\/Edital_10_21_TC_Comiss\u00e3o.pdf\">Edital 10\/21-TC &#8211; Comiss\u00e3o Julgadora e Data In\u00edcio<\/a><\/p>\r\n<!-- \/wp:paragraph -->\r\n\r\n<!-- wp:paragraph -->\r\n<p>Informa\u00e7\u00e3o &#8211; Detalhamento Cronograma: <a href=\"https:\/\/dcc.ufpr.br\/wp-content\/uploads\/2021\/08\/Complemento_Cronograma.pdf\"> Detalhamento Cronograma<\/a><\/p>\r\n<!-- \/wp:paragraph -->\r\n\r\n<!-- wp:paragraph -->\r\n<p>Edital &#8211; Retifica\u00e7\u00e3o &#8211; Comiss\u00e3o Julgadora: <a href=\"https:\/\/dcc.ufpr.br\/wp-content\/uploads\/2021\/08\/Edital_11_21_TC_Comiss\u00e3o.pdf\">Edital 11\/21-TC &#8211; Comiss\u00e3o Julgadora &#8211; Retifica\u00e7\u00e3o<\/a><\/p>\r\n<!-- \/wp:paragraph -->\r\n\r\n<!-- wp:paragraph -->\r\n<p>Edital &#8211; Resultado da Prova Escrita: <a href=\"https:\/\/dcc.ufpr.br\/wp-content\/uploads\/2021\/08\/Edital-1.1_Resultado_Escrita.pdf\">Edital 1.1 &#8211; Resultado Prova Escrita<\/a><\/p>\r\n<!-- \/wp:paragraph -->\r\n\r\n<!-- wp:paragraph -->\r\n<p>Edital &#8211; Cronograma Atualizado: <a href=\"https:\/\/dcc.ufpr.br\/wp-content\/uploads\/2021\/08\/Edital-1.2_Cronograma_Atualizado.pdf\">Edital 1.2 &#8211; Cronograma Atualizado<\/a><\/p>\r\n<!-- \/wp:paragraph -->\r\n\r\n<!-- wp:paragraph -->\r\n<p>Edital &#8211; Resultado da Reconsidera\u00e7\u00e3o da Prova Escrita: <a href=\"https:\/\/dcc.ufpr.br\/wp-content\/uploads\/2021\/08\/Reconsideracao_prova_escrita_05_reposta.pdf\">Edital 1.1.1 &#8211; Resultado &#8211; Pedido Reconsidera\u00e7\u00e3o Prova Escrita<\/a><\/p>\r\n<!-- \/wp:paragraph -->\r\n\r\n<!-- wp:paragraph -->\r\n<p>Edital &#8211; Sorteio de Pontos da Prova Did\u00e1tica: <a href=\"https:\/\/dcc.ufpr.br\/wp-content\/uploads\/2021\/08\/Edital-1.1_D_Sorteio_pontos_Didatica.pdf\">Edital 1.1D Sorteio Pontos Prova Did\u00e1tica<\/a><\/p>\r\n<!-- \/wp:paragraph -->\r\n\r\n<!-- wp:paragraph -->\r\n<p>Retifica\u00e7\u00e3o &#8211; Edital &#8211; Sorteio de Pontos da Prova Did\u00e1tica: <a href=\"https:\/\/dcc.ufpr.br\/wp-content\/uploads\/2021\/08\/Edital-1.1_D_Sorteio_pontos_Didatica_retifica\u00e7\u00e3o.pdf\">Retifica\u00e7\u00e3o Edital 1.1D Sorteio Pontos<\/a><\/p>\r\n<!-- \/wp:paragraph -->\r\n\r\n<!-- wp:paragraph -->\r\n<p>Edital &#8211; Resultado Prova Did\u00e1tica: <a href=\"https:\/\/dcc.ufpr.br\/wp-content\/uploads\/2021\/08\/Edital-1.2_D_Resultado_didatica.pdf\">Edital 1.2_D &#8211; Resultado Prova did\u00e1tica<\/a><\/p>\r\n<!-- \/wp:paragraph -->\r\n\r\n<!-- wp:paragraph -->\r\n<p>Edital &#8211; Cronograma Atualizado: <a href=\"https:\/\/dcc.ufpr.br\/wp-content\/uploads\/2021\/08\/Edital-1.2_D_Cronograma_atualizacao.pdf\">Edital 1.2_D &#8211; Cronograma atualizado<\/a><\/p>\r\n<!-- \/wp:paragraph -->\r\n\r\n<!-- wp:paragraph -->\r\n<p>Edital &#8211; Sess\u00e3o P\u00fablica de Divulga\u00e7\u00e3o do Resultado: <a href=\"https:\/\/dcc.ufpr.br\/wp-content\/uploads\/2021\/08\/Edital-1.1_C_Sessao_Resultado-Final.pdf\">Edital 1.1C &#8211; Sess\u00e3o P\u00fablica Divulga\u00e7\u00e3o do Resultado Final<\/a><\/p>\r\n<!-- \/wp:paragraph -->\r\n\r\n<!-- wp:paragraph -->\r\n<p>Edital &#8211; Resultado Final: <a href=\"https:\/\/dcc.ufpr.br\/wp-content\/uploads\/2021\/08\/Edital-2.0_Resultado-Final.pdf\">Edital 2.0 &#8211; Resultado Final<\/a><\/p>\r\n<!-- \/wp:paragraph -->\r\n\r\n<!-- wp:heading {\"level\":1} -->\r\n<h1 class=\"wp-block-heading\">Processos seletivos para professor substituto<\/h1>\r\n<!-- \/wp:heading -->\r\n\r\n<!-- wp:table -->\r\n<figure class=\"wp-block-table\">\r\n<table>\r\n<tbody>\r\n<tr>\r\n<td>EDITAL<\/td>\r\n<td>\u00c1REA DE CONHECIMENTO<\/td>\r\n<td>PER\u00cdODO DE INSCRI\u00c7\u00d5ES<\/td>\r\n<td>SETOR<\/td>\r\n<\/tr>\r\n<tr>\r\n<td><a href=\"https:\/\/dcc.ufpr.br\/wp-content\/uploads\/2020\/12\/Edital_068_20.pdf\" target=\"_blank\" rel=\"noopener\">068\/20<\/a><\/td>\r\n<td><a href=\"https:\/\/dcc.ufpr.br\/wp-content\/uploads\/2020\/12\/Edital_068_20.pdf\" target=\"_blank\" rel=\"noopener\">Geotecnia<\/a><\/td>\r\n<td><a href=\"https:\/\/dcc.ufpr.br\/wp-content\/uploads\/2020\/12\/Edital_068_20.pdf\" target=\"_blank\" rel=\"noopener\"><strong>01\/12\/2020 a 07\/12\/2020<\/strong><\/a><\/td>\r\n<td><a href=\"https:\/\/dcc.ufpr.br\/wp-content\/uploads\/2020\/12\/Edital_068_20.pdf\" target=\"_blank\" rel=\"noopener\"><strong>Tecnologia<\/strong><\/a><\/td>\r\n<\/tr>\r\n<\/tbody>\r\n<\/table>\r\n<\/figure>\r\n<!-- \/wp:table -->\r\n\r\n<!-- wp:heading {\"level\":4} -->\r\n<h4 class=\"wp-block-heading\">Processo Seletivo &#8211; Professor Substituto &#8211; 20h &#8211; Geotecnia, Edital\u00a0n\u00ba 068\/20 &#8211; PROGEPE<span id=\"Pedidos_DEFERIDOS_de_EXAMES_DE_APROVEITAMENTO_DE_CONHECIMENTO_do_1.C2.BA_Semestre_de_2017\" class=\"mw-headline\"><\/span><\/h4>\r\n<!-- \/wp:heading -->\r\n\r\n<!-- wp:list -->\r\n<ul><!-- wp:list-item -->\r\n<li>\u00c1rea de Conhecimento: Geotecnia<\/li>\r\n<!-- \/wp:list-item -->\r\n\r\n<!-- wp:list-item -->\r\n<li>Mat\u00e9ria Espec\u00edfica: Mec\u00e2nica dos Solos<\/li>\r\n<!-- \/wp:list-item -->\r\n\r\n<!-- wp:list-item -->\r\n<li>Processo: 23075.077965\/2019-31<\/li>\r\n<!-- \/wp:list-item -->\r\n\r\n<!-- wp:list-item -->\r\n<li>N\u00famero de Vagas: 01 (uma)<\/li>\r\n<!-- \/wp:list-item -->\r\n\r\n<!-- wp:list-item -->\r\n<li>N\u00famero limite de candidatos habilitados: 05<\/li>\r\n<!-- \/wp:list-item -->\r\n\r\n<!-- wp:list-item -->\r\n<li>Regime de Trabalho: 20 (vinte) horas semanais<\/li>\r\n<!-- \/wp:list-item -->\r\n\r\n<!-- wp:list-item -->\r\n<li>Requisito: Gradua\u00e7\u00e3o em Engenharia Civil; com Mestrado em: Engenharia Civil ou Constru\u00e7\u00e3o Civil<br \/>ou \u00e1reas afins, obtidos na forma da lei.<\/li>\r\n<!-- \/wp:list-item -->\r\n\r\n<!-- wp:list-item -->\r\n<li>Tipos de Provas: An\u00e1lise de Curr\u00edculo e Prova Did\u00e1tica. Sendo a Prova Did\u00e1tica realizada de forma<br \/>remota s\u00edncrona, por meio de uma aula remota gravada. Os &#8220;curriculum vitae&#8221; devem ser<br \/>apresentados seguindo a ordem definida pela Resolu\u00e7\u00e3o no 70\/16 \u2013 CEPE.<\/li>\r\n<!-- \/wp:list-item -->\r\n\r\n<!-- wp:list-item -->\r\n<li>Local e Hor\u00e1rio das Inscri\u00e7\u00f5es: dcc@ufpr.br. Informa\u00e7\u00f5es das demais etapas do processo seletivo<br \/>poder\u00e3o ser obtidas no mesmo endere\u00e7o eletr\u00f4nico.<\/li>\r\n<!-- \/wp:list-item -->\r\n\r\n<!-- wp:list-item -->\r\n<li>O per\u00edodo das inscri\u00e7\u00f5es ser\u00e1: 05 DIAS \u00daTEIS a partir do dia \u00fatil subsequente ao dia da<br \/>publica\u00e7\u00e3o do presente Edital no Di\u00e1rio Oficial da Uni\u00e3o<\/li>\r\n<!-- \/wp:list-item -->\r\n\r\n<!-- wp:list-item -->\r\n<li>Publica\u00e7\u00e3o em Di\u00e1rio Oficial: 30\/11\/2020 &#8211; Inscri\u00e7\u00f5es: 01\/12 a 07\/12\/2020<\/li>\r\n<!-- \/wp:list-item --><\/ul>\r\n<!-- \/wp:list -->\r\n\r\n<!-- wp:paragraph -->\r\n<p>Edital:\u00a0 <a href=\"https:\/\/dcc.ufpr.br\/wp-content\/uploads\/2020\/12\/Edital_068_20.pdf\">Edital_068_20<\/a><\/p>\r\n<!-- \/wp:paragraph -->\r\n\r\n<!-- wp:paragraph -->\r\n<p>Publica\u00e7\u00e3o em Di\u00e1rio Oficial em 30\/11\/2020: <a href=\"https:\/\/dcc.ufpr.br\/wp-content\/uploads\/2020\/12\/Edital_068_20_DOU.pdf\">Edital_068_20_DOU<\/a><\/p>\r\n<!-- \/wp:paragraph -->\r\n\r\n<!-- wp:paragraph -->\r\n<p>Conte\u00fado Program\u00e1tico &#8211; Pontos: <a href=\"https:\/\/dcc.ufpr.br\/wp-content\/uploads\/2020\/12\/Pontos_Ementa.pdf\">Pontos &#8211; Ementa<\/a><\/p>\r\n<!-- \/wp:paragraph -->\r\n\r\n<!-- wp:paragraph -->\r\n<p>Ata\/Edital &#8211; Homologa\u00e7\u00e3o das Inscri\u00e7\u00f5es &#8211; Informa\u00e7\u00f5es sobre Cronograma: <a href=\"https:\/\/dcc.ufpr.br\/wp-content\/uploads\/2020\/12\/Ata_homologa\u00e7\u00e3o_inscri\u00e7\u00f5es.pdf\">Ata Homologa\u00e7\u00e3o Inscri\u00e7\u00f5es<\/a><\/p>\r\n<!-- \/wp:paragraph -->\r\n\r\n<!-- wp:paragraph -->\r\n<p>Ata\/Edital &#8211; Resultado Prova An\u00e1lise de Curr\u00edculo &#8211; Defini\u00e7\u00e3o Cronograma Provas Did\u00e1ticas: <a href=\"https:\/\/dcc.ufpr.br\/wp-content\/uploads\/2020\/12\/Ata_resultado_analise_cronograma.pdf\">Ata &#8211; Resultado An\u00e1lise Curr\u00edculo &#8211; Cronograma Provas Did\u00e1ticas<\/a><\/p>\r\n<!-- \/wp:paragraph -->\r\n\r\n<!-- wp:paragraph -->\r\n<p>Ata\/Edital &#8211; Resultado Final: <a href=\"https:\/\/dcc.ufpr.br\/wp-content\/uploads\/2020\/12\/Ata_Resultado_Final.pdf\">Ata Resultado Final<\/a><\/p>\r\n<!-- \/wp:paragraph -->\r\n\r\n<!-- wp:heading {\"level\":1} -->\r\n<h1 class=\"wp-block-heading\">Concursos UFPR<\/h1>\r\n<!-- \/wp:heading -->\r\n\r\n<!-- wp:paragraph -->\r\n<p>Concursos para a UFPR ou processos seletivos para substituto podem ser acessados na p\u00e1gina da <a href=\"http:\/\/www.progepe.ufpr.br\/concursos\/\" target=\"_blank\" rel=\"noopener\">PROGEPE<\/a>.<\/p>\r\n<!-- \/wp:paragraph -->","protected":false},"excerpt":{"rendered":"<p>Processo seletivo para professor substituto EDITAL \u00c1REA DE CONHECIMENTO PER\u00cdODO DE INSCRI\u00c7\u00d5ES SETOR Edital 155\/25 Progepe Materiais 12\/05\/2025 a 23\/05\/2025 Tecnologia Setor: TecnologiaDepartamento:\u202fConstru\u00e7\u00e3o Civil\u00c1rea de Conhecimento: Materiais de Constru\u00e7\u00e3o.Mat\u00e9ria Espec\u00edfica: Tecnologia de concretos e argamassas. Processo: 23075.021218\/2025-96 Site PROGEPE\/UFPR (Informa\u00e7\u00f5es\/Editais\/Requerimento Inscri\u00e7\u00e3o\/Guia Recolhimento): Progepe &#8211; Testes Seletivos Edital Publica\u00e7\u00e3o em Di\u00e1rio Oficial:\u00a0Edital 155\/25 DOU Conte\u00fado Program\u00e1tico [&hellip;]<\/p>\n","protected":false},"author":1,"featured_media":0,"parent":0,"menu_order":22,"comment_status":"closed","ping_status":"closed","template":"","meta":{"footnotes":""},"class_list":["post-108","page","type-page","status-publish","hentry"],"aioseo_notices":[],"_links":{"self":[{"href":"https:\/\/dcc.ufpr.br\/index.php\/wp-json\/wp\/v2\/pages\/108","targetHints":{"allow":["GET"]}}],"collection":[{"href":"https:\/\/dcc.ufpr.br\/index.php\/wp-json\/wp\/v2\/pages"}],"about":[{"href":"https:\/\/dcc.ufpr.br\/index.php\/wp-json\/wp\/v2\/types\/page"}],"author":[{"embeddable":true,"href":"https:\/\/dcc.ufpr.br\/index.php\/wp-json\/wp\/v2\/users\/1"}],"replies":[{"embeddable":true,"href":"https:\/\/dcc.ufpr.br\/index.php\/wp-json\/wp\/v2\/comments?post=108"}],"version-history":[{"count":96,"href":"https:\/\/dcc.ufpr.br\/index.php\/wp-json\/wp\/v2\/pages\/108\/revisions"}],"predecessor-version":[{"id":2937,"href":"https:\/\/dcc.ufpr.br\/index.php\/wp-json\/wp\/v2\/pages\/108\/revisions\/2937"}],"wp:attachment":[{"href":"https:\/\/dcc.ufpr.br\/index.php\/wp-json\/wp\/v2\/media?parent=108"}],"curies":[{"name":"wp","href":"https:\/\/api.w.org\/{rel}","templated":true}]}}